{"id":10297,"date":"2021-03-16T11:11:26","date_gmt":"2021-03-16T10:11:26","guid":{"rendered":"https:\/\/stuebi-hamburg.de\/stadtteilschule\/?page_id=10297"},"modified":"2021-05-13T11:51:22","modified_gmt":"2021-05-13T09:51:22","slug":"elternmentoren","status":"publish","type":"page","link":"https:\/\/stuebi-hamburg.de\/stadtteilschule\/elternmentoren\/","title":{"rendered":"Elternmentoren"},"content":{"rendered":"\n<div style=\"height:20px\" aria-hidden=\"true\" class=\"wp-block-spacer\"><\/div>\n\n\n\n<div class=\"wp-block-columns\">\n<div class=\"wp-block-column\"><\/div>\n\n\n\n<div class=\"wp-block-column\" style=\"flex-basis:50%\">\n<div class=\"wp-block-image is-style-default\"><figure class=\"aligncenter size-large is-resized\"><img loading=\"lazy\" src=\"https:\/\/stuebi-hamburg.de\/stadtteilschule\/wp-content\/blogs.dir\/2\/files\/2021\/05\/logo_schulmentoren_4c-1920x451.jpg\" alt=\"\" class=\"wp-image-10822\" width=\"288\" height=\"67\" srcset=\"https:\/\/stuebi-hamburg.de\/stadtteilschule\/wp-content\/blogs.dir\/2\/files\/2021\/05\/logo_schulmentoren_4c-1920x451.jpg 1920w, https:\/\/stuebi-hamburg.de\/stadtteilschule\/wp-content\/blogs.dir\/2\/files\/2021\/05\/logo_schulmentoren_4c-658x154.jpg 658w, https:\/\/stuebi-hamburg.de\/stadtteilschule\/wp-content\/blogs.dir\/2\/files\/2021\/05\/logo_schulmentoren_4c-1536x360.jpg 1536w, https:\/\/stuebi-hamburg.de\/stadtteilschule\/wp-content\/blogs.dir\/2\/files\/2021\/05\/logo_schulmentoren_4c-2048x481.jpg 2048w\" sizes=\"(max-width: 288px) 100vw, 288px\" \/><\/figure><\/div>\n\n\n<\/div>\n\n\n\n<div class=\"wp-block-column\"><\/div>\n<\/div>\n\n\n\n<div style=\"height:10px\" aria-hidden=\"true\" class=\"wp-block-spacer\"><\/div>\n\n\n\n<div class=\"wp-block-media-text alignwide is-stacked-on-mobile is-vertically-aligned-bottom is-image-fill has-background\" style=\"background-color:#fafafa;grid-template-columns:57% auto\"><figure class=\"wp-block-media-text__media\" style=\"background-image:url(https:\/\/stuebi-hamburg.de\/stadtteilschule\/wp-content\/blogs.dir\/2\/files\/2021\/05\/IMG_9871-810x1080.jpg);background-position:50% 50%\"><img loading=\"lazy\" width=\"810\" height=\"1080\" src=\"https:\/\/stuebi-hamburg.de\/stadtteilschule\/wp-content\/blogs.dir\/2\/files\/2021\/05\/IMG_9871-810x1080.jpg\" alt=\"\" class=\"wp-image-10793 size-full\" srcset=\"https:\/\/stuebi-hamburg.de\/stadtteilschule\/wp-content\/blogs.dir\/2\/files\/2021\/05\/IMG_9871-810x1080.jpg 810w, https:\/\/stuebi-hamburg.de\/stadtteilschule\/wp-content\/blogs.dir\/2\/files\/2021\/05\/IMG_9871-330x440.jpg 330w, https:\/\/stuebi-hamburg.de\/stadtteilschule\/wp-content\/blogs.dir\/2\/files\/2021\/05\/IMG_9871-1152x1536.jpg 1152w, https:\/\/stuebi-hamburg.de\/stadtteilschule\/wp-content\/blogs.dir\/2\/files\/2021\/05\/IMG_9871-1536x2048.jpg 1536w, https:\/\/stuebi-hamburg.de\/stadtteilschule\/wp-content\/blogs.dir\/2\/files\/2021\/05\/IMG_9871-scaled.jpg 1920w\" sizes=\"(max-width: 810px) 100vw, 810px\" \/><\/figure><div class=\"wp-block-media-text__content\">\n<div style=\"height:30px\" aria-hidden=\"true\" class=\"wp-block-spacer\"><\/div>\n\n\n\n<h1 class=\"has-text-color\" style=\"color:#0071a1\"><strong>Unsere Eltern-<\/strong><br><strong>Mentoren am St\u00fcbi<\/strong><\/h1>\n\n\n\n<div style=\"height:20px\" aria-hidden=\"true\" class=\"wp-block-spacer\"><\/div>\n\n\n\n<p><em>(Von links nach rechts: Frau Yar\u00e7\u0131n, Frau I\u015f\u0131k, Frau Salih, Frau \u015eahin, Frau Mansouri, Foto: Winterfest am St\u00fcbi 2019)<\/em><\/p>\n\n\n\n<div style=\"height:20px\" aria-hidden=\"true\" class=\"wp-block-spacer\"><\/div>\n<\/div><\/div>\n\n\n\n<div style=\"height:30px\" aria-hidden=\"true\" class=\"wp-block-spacer\"><\/div>\n\n\n\n<hr class=\"wp-block-separator\" \/>\n\n\n\n<div style=\"height:10px\" aria-hidden=\"true\" class=\"wp-block-spacer\"><\/div>\n\n\n\n<p>Nehmen Sie zu uns Kontakt auf:<\/p>\n\n\n\n<div style=\"height:10px\" aria-hidden=\"true\" class=\"wp-block-spacer\"><\/div>\n\n\n\n<div class=\"wp-block-columns\">\n<div class=\"wp-block-column\">\n<div class=\"wp-block-group\"><div class=\"wp-block-group__inner-container\">\n<h3 class=\"has-text-color\" style=\"color:#0071a1\"><strong>Elternmentoren<\/strong><\/h3>\n\n\n\n<div style=\"height:10px\" aria-hidden=\"true\" class=\"wp-block-spacer\"><\/div>\n\n\n\n<p><strong>Amina Yar\u00e7\u0131n&nbsp;<\/strong>(Sprache: deutsch)<br>Mob. 0176 \/ 767 637 71<br>Email:&nbsp;<a href=\"mailto:amina.yarcin@stuebenhofer-weg.de\">amina.yarcin@stuebenhofer-weg.de<\/a><\/p>\n\n\n\n<p><strong>Meryem Mansouri&nbsp;<\/strong>(Sprache: deutsch &amp; arabisch) <br>Mob. 0162 \/ 158 82 88&nbsp;<br>Email: <a href=\"mailto:meryem.mansouri@stuebenhofer-weg.de\">meryem.mansouri@stuebenhofer-weg.de<\/a><\/p>\n\n\n\n<p><strong>Toona Salih&nbsp;<\/strong>(Sprache: deutsch &amp; t\u00fcrkisch) <br>Mob. 0176 \/ 735 759 46&nbsp;<br>Email: <a href=\"mailto:toona.salih@stuebenhofer-weg.de\">toona.salih@stuebenhofer-weg.de<\/a><\/p>\n\n\n\n<p><strong>Derya \u015eahin&nbsp;<\/strong>(Sprache: deutsch &amp; t\u00fcrkisch) <br>Mob. 0176 \/ 482 047 09&nbsp;<br>Email: <a href=\"mailto:derya.sahin@stuebenhofer-weg.de\">derya.sahin@stuebenhofer-weg.de<\/a><\/p>\n\n\n\n<p><strong>Fatma I\u015f\u0131k&nbsp;<\/strong>(Sprache: deutsch &amp; polnisch)&nbsp;<br>Email: <a href=\"mailto:fatma.isik@stuebenhofer-weg.de\">fatma.isik@stuebenhofer-weg.de<\/a><\/p>\n<\/div><\/div>\n<\/div>\n\n\n\n<div class=\"wp-block-column\">\n<div class=\"wp-block-group\"><div class=\"wp-block-group__inner-container\">\n<h3 class=\"has-text-color\" style=\"color:#0071a1\"><strong>Mitwirkende des Elterncaf<strong>\u00e9<\/strong>s<\/strong><\/h3>\n\n\n\n<div style=\"height:10px\" aria-hidden=\"true\" class=\"wp-block-spacer\"><\/div>\n\n\n\n<p><strong>Zehra Tuna<\/strong> (Sozialp\u00e4dagogin)<br>Beratungsdienst der STS St\u00fcbenhofer Weg <br>Email: <a href=\"mailto:zehra.tuna@stuebenhofer-weg.de\">zehra.tuna@stuebenhofer-weg.de<\/a><\/p>\n\n\n\n<p><strong>Kemal Azak<\/strong> (Projektkoordinator)<br>Lehrer der STS St\u00fcbenhofer Weg <br>Email: <a href=\"mailto:kemal.azak@stuebenhofer-weg.de\">kemal.azak@stuebenhofer-weg.de<\/a><\/p>\n<\/div><\/div>\n\n\n<\/div>\n<\/div>\n\n\n\n<hr class=\"wp-block-separator\" \/>\n\n\n\n<figure class=\"wp-block-image size-large is-style-default\"><img loading=\"lazy\" width=\"1920\" height=\"178\" src=\"https:\/\/stuebi-hamburg.de\/stadtteilschule\/wp-content\/blogs.dir\/2\/files\/2021\/05\/Bildschirmfoto-2021-05-12-um-09.45.51-1920x178.png\" alt=\"\" class=\"wp-image-10784\" srcset=\"https:\/\/stuebi-hamburg.de\/stadtteilschule\/wp-content\/blogs.dir\/2\/files\/2021\/05\/Bildschirmfoto-2021-05-12-um-09.45.51-1920x178.png 1920w, https:\/\/stuebi-hamburg.de\/stadtteilschule\/wp-content\/blogs.dir\/2\/files\/2021\/05\/Bildschirmfoto-2021-05-12-um-09.45.51-658x61.png 658w, https:\/\/stuebi-hamburg.de\/stadtteilschule\/wp-content\/blogs.dir\/2\/files\/2021\/05\/Bildschirmfoto-2021-05-12-um-09.45.51-1536x142.png 1536w, https:\/\/stuebi-hamburg.de\/stadtteilschule\/wp-content\/blogs.dir\/2\/files\/2021\/05\/Bildschirmfoto-2021-05-12-um-09.45.51-2048x190.png 2048w\" sizes=\"(max-width: 1920px) 100vw, 1920px\" \/><\/figure>\n\n\n\n<hr class=\"wp-block-separator\" \/>\n\n\n\n<div style=\"height:20px\" aria-hidden=\"true\" class=\"wp-block-spacer\"><\/div>\n\n\n\n<p>Gef\u00f6rdert durch:<\/p>\n\n\n\n<div class=\"wp-block-columns\">\n<div class=\"wp-block-column\" style=\"flex-basis:33.33%\">\n<div style=\"height:10px\" aria-hidden=\"true\" class=\"wp-block-spacer\"><\/div>\n\n\n\n<figure class=\"wp-block-image size-large is-style-default\"><img loading=\"lazy\" width=\"525\" height=\"106\" src=\"https:\/\/stuebi-hamburg.de\/stadtteilschule\/wp-content\/blogs.dir\/2\/files\/2021\/05\/foerderlogos-mobil_800.jpg\" alt=\"\" class=\"wp-image-10786\" \/><\/figure>\n<\/div>\n\n\n\n<div class=\"wp-block-column\" style=\"flex-basis:66.66%\">\n<figure class=\"wp-block-image size-large is-resized is-style-default\"><img loading=\"lazy\" src=\"https:\/\/stuebi-hamburg.de\/stadtteilschule\/wp-content\/blogs.dir\/2\/files\/2021\/05\/Bildschirmfoto-2021-05-12-um-10.51.11-1.png\" alt=\"\" class=\"wp-image-10847\" width=\"83\" height=\"52\" \/><\/figure>\n<\/div>\n<\/div>\n\n\n\n<hr class=\"wp-block-separator\" \/>\n\n\n\n<div style=\"height:20px\" aria-hidden=\"true\" class=\"wp-block-spacer\"><\/div>\n\n\n\n<h3><em>Liebe Eltern, liebe Mentorinnen und Mentoren, <\/em><\/h3>\n\n\n\n<div style=\"height:10px\" aria-hidden=\"true\" class=\"wp-block-spacer\"><\/div>\n\n\n\n<h3><em>Sie sind herzlich eingeladen, am Fr\u00fchsommerprogramm <a href=\"https:\/\/www.schulmentoren.de\/Home\/Eltern\/Eltern-842\">\u201eEltern@Home\u201c<\/a> unseres Partnerprojekts <a href=\"http:\/\/www.schulmentoren.de\">Schulmentoren<\/a> teilzunehmen. Alle Veranstaltungen finden Online statt:<\/em><\/h3>\n\n\n\n<div style=\"height:10px\" aria-hidden=\"true\" class=\"wp-block-spacer\"><\/div>\n\n\n\n<ol><li>Der Kurs \u201eSchule in Deutschland\u201c mit Treffen zu wichtigen Fragen von Eltern in Bezug auf die Schule <\/li><li>Der Themenvormittag \u201eYoutube, Instagram &amp; Co. \u2013 Kinder und Soziale Medien\u201c <\/li><li>Der Infoabend zur Berufs- und Studienorientierung  <\/li><li>Der Vormittag zu den Themen AD(H)S, Legasthenie und Dyskalkulie<\/li><\/ol>\n\n\n\n<div style=\"height:10px\" aria-hidden=\"true\" class=\"wp-block-spacer\"><\/div>\n\n\n\n<p>Die Teilnahme geht ganz einfach mit Handy oder Computer \u00fcber Zoom:<\/p>\n\n\n\n<ul><li>Sie k\u00f6nnen sich informieren \u00fcber diesen Link: <a rel=\"noreferrer noopener\" href=\"https:\/\/www.schulmentoren.de\/\" target=\"_blank\">https:\/\/www.schulmentoren.de<\/a> -&gt; Klick auf &#8220;Eltern&#8221;<\/li><li>Sie melden sich \u00fcber diesen Link zu den Kursen an: <a rel=\"noreferrer noopener\" href=\"https:\/\/bit.ly\/3xTVj00\" target=\"_blank\">https:\/\/bit.ly\/3xTVj00<\/a><\/li><li>Damit k\u00f6nnen Sie an allen Sitzungen, die Sie interessieren teilnehmen \u00fcber den Link: <a rel=\"noreferrer noopener\" href=\"https:\/\/bit.ly\/32E8WT2\" target=\"_blank\">https:\/\/bit.ly\/32E8WT2<\/a><\/li><\/ul>\n\n\n\n<p>Das Programm (PDF) hier zum <a href=\"https:\/\/stuebi-hamburg.de\/stadtteilschule\/wp-content\/blogs.dir\/2\/files\/2021\/05\/Fruehsommerprogramm_Eltern.pdf\">Download<\/a>. <\/p>\n\n\n\n<div class=\"wp-block-file\"><a href=\"https:\/\/stuebi-hamburg.de\/stadtteilschule\/wp-content\/blogs.dir\/2\/files\/2021\/05\/Fruehsommerprogramm_Eltern.pdf\" target=\"_blank\" rel=\"noreferrer noopener\">Fruehsommerprogramm_Eltern.pdf<\/a><\/div>\n\n\n\n<p><br>Mit freundlichen Gr\u00fc\u00dfen <br>Kemal Azak<\/p>\n\n\n\n<hr class=\"wp-block-separator\" \/>\n","protected":false},"excerpt":{"rendered":"<p>Nehmen Sie zu uns Kontakt auf: Gef\u00f6rdert durch: Liebe Eltern, liebe Mentorinnen und Mentoren, Sie sind herzlich eingeladen, am Fr\u00fchsommerprogramm \u201eEltern@Home\u201c unseres Partnerprojekts Schulmentoren teilzunehmen. Alle Veranstaltungen finden Online statt: Der Kurs \u201eSchule in Deutschland\u201c mit Treffen zu wichtigen Fragen &hellip; <a href=\"https:\/\/stuebi-hamburg.de\/stadtteilschule\/elternmentoren\/\">Weiterlesen <span class=\"meta-nav\">&rarr;<\/span><\/a><\/p>\n","protected":false},"author":26,"featured_media":0,"parent":0,"menu_order":0,"comment_status":"closed","ping_status":"closed","template":"","meta":[],"_links":{"self":[{"href":"https:\/\/stuebi-hamburg.de\/stadtteilschule\/wp-json\/wp\/v2\/pages\/10297"}],"collection":[{"href":"https:\/\/stuebi-hamburg.de\/stadtteilschule\/wp-json\/wp\/v2\/pages"}],"about":[{"href":"https:\/\/stuebi-hamburg.de\/stadtteilschule\/wp-json\/wp\/v2\/types\/page"}],"author":[{"embeddable":true,"href":"https:\/\/stuebi-hamburg.de\/stadtteilschule\/wp-json\/wp\/v2\/users\/26"}],"replies":[{"embeddable":true,"href":"https:\/\/stuebi-hamburg.de\/stadtteilschule\/wp-json\/wp\/v2\/comments?post=10297"}],"version-history":[{"count":70,"href":"https:\/\/stuebi-hamburg.de\/stadtteilschule\/wp-json\/wp\/v2\/pages\/10297\/revisions"}],"predecessor-version":[{"id":10967,"href":"https:\/\/stuebi-hamburg.de\/stadtteilschule\/wp-json\/wp\/v2\/pages\/10297\/revisions\/10967"}],"wp:attachment":[{"href":"https:\/\/stuebi-hamburg.de\/stadtteilschule\/wp-json\/wp\/v2\/media?parent=10297"}],"curies":[{"name":"wp","href":"https:\/\/api.w.org\/{rel}","templated":true}]}}