{"id":14988,"date":"2024-11-04T11:47:55","date_gmt":"2024-11-04T10:47:55","guid":{"rendered":"https:\/\/stuebi-hamburg.de\/stadtteilschule\/?page_id=14988"},"modified":"2024-12-03T20:39:11","modified_gmt":"2024-12-03T19:39:11","slug":"herzlich-willkommen","status":"publish","type":"page","link":"https:\/\/stuebi-hamburg.de\/stadtteilschule\/","title":{"rendered":"Herzlich Willkommen!"},"content":{"rendered":"\n<div style=\"height:10px\" aria-hidden=\"true\" class=\"wp-block-spacer\"><\/div>\n\n\n\n<p>Wir freuen uns, dass Sie den Weg auf unsere Webseite gefunden haben.<\/p>\n\n\n\n<div style=\"height:10px\" aria-hidden=\"true\" class=\"wp-block-spacer\"><\/div>\n\n\n\n\t\t<div class=\"wppsac-wrap wppsac-slick-slider-wrp wppsac-clearfix \" data-conf=\"{&quot;dots&quot;:&quot;true&quot;,&quot;arrows&quot;:&quot;true&quot;,&quot;autoplay&quot;:&quot;true&quot;,&quot;autoplay_interval&quot;:3000,&quot;speed&quot;:500,&quot;rtl&quot;:&quot;false&quot;,&quot;lazyload&quot;:&quot;&quot;}\">\r\n\t\t\t<div id=\"wppsac-post-slider-1\" class=\"wppsac-post-slider-init wppsac-post-slider design-2\">\r\n\t\t\t\t<div class=\"wppsac-post-slides\">\r\n\t<div class=\"wppsac-post-content-position\">\r\n\t\t<div class=\"wppsac-post-content-left wp-medium-6 wpcolumns\">\r\n\t\t\t<div class=\"wppsac-post-inner-content\">\r\n\t\t\t\t\t\t\t\t<div class=\"wppsac-post-categories\"><ul class=\"wppsac-post-categories-list\"><li><a href=\"https:\/\/stuebi-hamburg.de\/stadtteilschule\/category\/aktuelles\/\">Aktuelles<\/a><\/li><\/ul><\/div>\r\n\t\t\t\t\r\n\t\t\t\t<h2 class=\"wppsac-post-title\">\r\n\t\t\t\t\t<a href=\"https:\/\/stuebi-hamburg.de\/stadtteilschule\/2026\/04\/21\/save-the-date-07-mai-eroeffnungsfeier-stubi-makerspace\/\">Save the Date: 07. Mai \u2013 Er\u00f6ffnungsfeier St\u00fcbi-Makerspace<\/a>\r\n\t\t\t\t<\/h2>\r\n\r\n\t\t\t\t\t\t\t\t\t<div class=\"wppsac-post-date\">\r\n\t\t\t\t\t\t \r\n\t\t\t\t\t\t<span>By spoerhase<\/span>\r\n\t\t\t\t\t\t \/ 21. April 2026\t\t\t\t\t<\/div>\r\n\t\t\t\t\t\t\t\t<div class=\"wppsac-post-content\">\r\n\t\t\t\t\t<div class=\"wppsac-sub-content\">Mit gro\u00dfer Freude er\u00f6ffnen wir unseren St\u00fcbi-Makerspace an der Schule St\u00fcbenhofer Weg. Auf 1.600 m\u00b2 ist ein innovativer Lernort entstanden,...<\/div>\r\n\r\n\t\t\t\t\t\t\t\t\t\t<a class=\"wppsac-readmorebtn\" href=\"https:\/\/stuebi-hamburg.de\/stadtteilschule\/2026\/04\/21\/save-the-date-07-mai-eroeffnungsfeier-stubi-makerspace\/\">Read More<\/a>\r\n\t\t\t\t\t\t\t\t\t<\/div>\r\n\t\t\t\t\t\t\t<\/div>\r\n\t\t<\/div>\r\n\t\t<div class=\"wppsac-post-image-bg\">\r\n\t\t\t<a href=\"https:\/\/stuebi-hamburg.de\/stadtteilschule\/2026\/04\/21\/save-the-date-07-mai-eroeffnungsfeier-stubi-makerspace\/\">\r\n\t\t\t\t\t\t\t\t<img class=\"wppsac-post-image\"  src=\"https:\/\/stuebi-hamburg.de\/stadtteilschule\/wp-content\/blogs.dir\/2\/files\/2026\/04\/Eroeffnung_Stuebi_Makerspace_titel-1.jpg\" alt=\"Save the Date: 07. Mai \u2013 Er\u00f6ffnungsfeier St\u00fcbi-Makerspace\" \/>\r\n\t\t\t\t\t\t\t<\/a>\r\n\t\t<\/div>\r\n\t<\/div>\r\n<\/div><div class=\"wppsac-post-slides\">\r\n\t<div class=\"wppsac-post-content-position\">\r\n\t\t<div class=\"wppsac-post-content-left wp-medium-6 wpcolumns\">\r\n\t\t\t<div class=\"wppsac-post-inner-content\">\r\n\t\t\t\t\t\t\t\t<div class=\"wppsac-post-categories\"><ul class=\"wppsac-post-categories-list\"><li><a href=\"https:\/\/stuebi-hamburg.de\/stadtteilschule\/category\/aktuelles\/\">Aktuelles<\/a><\/li><\/ul><\/div>\r\n\t\t\t\t\r\n\t\t\t\t<h2 class=\"wppsac-post-title\">\r\n\t\t\t\t\t<a href=\"https:\/\/stuebi-hamburg.de\/stadtteilschule\/2026\/03\/24\/stuebi-auf-die-1-rueckrunde-der-elbinselliga-startet\/\">St\u00fcbi auf die 1 \u2013 R\u00fcckrunde der Elbinselliga startet<\/a>\r\n\t\t\t\t<\/h2>\r\n\r\n\t\t\t\t\t\t\t\t\t<div class=\"wppsac-post-date\">\r\n\t\t\t\t\t\t \r\n\t\t\t\t\t\t<span>By spoerhase<\/span>\r\n\t\t\t\t\t\t \/ 24. M\u00e4rz 2026\t\t\t\t\t<\/div>\r\n\t\t\t\t\t\t\t\t<div class=\"wppsac-post-content\">\r\n\t\t\t\t\t<div class=\"wppsac-sub-content\">&#x26bd; Elbinselliga \u2013 St\u00fcbi auf die 1! Sieben Schulen auf den Hamburger Elbinseln haben eine eigene Fu\u00dfball-Liga gegr\u00fcndet. Seit Oktober...<\/div>\r\n\r\n\t\t\t\t\t\t\t\t\t\t<a class=\"wppsac-readmorebtn\" href=\"https:\/\/stuebi-hamburg.de\/stadtteilschule\/2026\/03\/24\/stuebi-auf-die-1-rueckrunde-der-elbinselliga-startet\/\">Read More<\/a>\r\n\t\t\t\t\t\t\t\t\t<\/div>\r\n\t\t\t\t\t\t\t<\/div>\r\n\t\t<\/div>\r\n\t\t<div class=\"wppsac-post-image-bg\">\r\n\t\t\t<a href=\"https:\/\/stuebi-hamburg.de\/stadtteilschule\/2026\/03\/24\/stuebi-auf-die-1-rueckrunde-der-elbinselliga-startet\/\">\r\n\t\t\t\t\t\t\t\t<img class=\"wppsac-post-image\"  src=\"https:\/\/stuebi-hamburg.de\/stadtteilschule\/wp-content\/blogs.dir\/2\/files\/2026\/03\/stuebi_auf_die_eins.png\" alt=\"St\u00fcbi auf die 1 \u2013 R\u00fcckrunde der Elbinselliga startet\" \/>\r\n\t\t\t\t\t\t\t<\/a>\r\n\t\t<\/div>\r\n\t<\/div>\r\n<\/div><div class=\"wppsac-post-slides\">\r\n\t<div class=\"wppsac-post-content-position\">\r\n\t\t<div class=\"wppsac-post-content-left wp-medium-6 wpcolumns\">\r\n\t\t\t<div class=\"wppsac-post-inner-content\">\r\n\t\t\t\t\t\t\t\t<div class=\"wppsac-post-categories\"><ul class=\"wppsac-post-categories-list\"><li><a href=\"https:\/\/stuebi-hamburg.de\/stadtteilschule\/category\/aktuelles\/\">Aktuelles<\/a><\/li><\/ul><\/div>\r\n\t\t\t\t\r\n\t\t\t\t<h2 class=\"wppsac-post-title\">\r\n\t\t\t\t\t<a href=\"https:\/\/stuebi-hamburg.de\/stadtteilschule\/2026\/01\/14\/danke-fuer-diesen-grosszuegigen-beitrag-von-30-macbooks-und-macbooks-airs-fuer-unsere-schule\/\">DANKE f\u00fcr diesen gro\u00dfz\u00fcgigen Beitrag von 30 MacBooks und MacBook Airs f\u00fcr unsere Schule!<\/a>\r\n\t\t\t\t<\/h2>\r\n\r\n\t\t\t\t\t\t\t\t\t<div class=\"wppsac-post-date\">\r\n\t\t\t\t\t\t \r\n\t\t\t\t\t\t<span>By spoerhase<\/span>\r\n\t\t\t\t\t\t \/ 14. Januar 2026\t\t\t\t\t<\/div>\r\n\t\t\t\t\t\t\t\t<div class=\"wppsac-post-content\">\r\n\t\t\t\t\t<div class=\"wppsac-sub-content\">Ein f\u00fcr uns wichtiger Schritt in Richtung digitale Bildung. Die Firma MRGE hat unserer Schule 30 MacBooks und MacBook Airs...<\/div>\r\n\r\n\t\t\t\t\t\t\t\t\t\t<a class=\"wppsac-readmorebtn\" href=\"https:\/\/stuebi-hamburg.de\/stadtteilschule\/2026\/01\/14\/danke-fuer-diesen-grosszuegigen-beitrag-von-30-macbooks-und-macbooks-airs-fuer-unsere-schule\/\">Read More<\/a>\r\n\t\t\t\t\t\t\t\t\t<\/div>\r\n\t\t\t\t\t\t\t<\/div>\r\n\t\t<\/div>\r\n\t\t<div class=\"wppsac-post-image-bg\">\r\n\t\t\t<a href=\"https:\/\/stuebi-hamburg.de\/stadtteilschule\/2026\/01\/14\/danke-fuer-diesen-grosszuegigen-beitrag-von-30-macbooks-und-macbooks-airs-fuer-unsere-schule\/\">\r\n\t\t\t\t\t\t\t\t<img class=\"wppsac-post-image\"  src=\"https:\/\/stuebi-hamburg.de\/stadtteilschule\/wp-content\/blogs.dir\/2\/files\/2026\/01\/IMG_2374-scaled.jpeg\" alt=\"DANKE f\u00fcr diesen gro\u00dfz\u00fcgigen Beitrag von 30 MacBooks und MacBook Airs f\u00fcr unsere Schule!\" \/>\r\n\t\t\t\t\t\t\t<\/a>\r\n\t\t<\/div>\r\n\t<\/div>\r\n<\/div><div class=\"wppsac-post-slides\">\r\n\t<div class=\"wppsac-post-content-position\">\r\n\t\t<div class=\"wppsac-post-content-left wp-medium-6 wpcolumns\">\r\n\t\t\t<div class=\"wppsac-post-inner-content\">\r\n\t\t\t\t\t\t\t\t<div class=\"wppsac-post-categories\"><ul class=\"wppsac-post-categories-list\"><li><a href=\"https:\/\/stuebi-hamburg.de\/stadtteilschule\/category\/aktuelles\/\">Aktuelles<\/a><\/li><\/ul><\/div>\r\n\t\t\t\t\r\n\t\t\t\t<h2 class=\"wppsac-post-title\">\r\n\t\t\t\t\t<a href=\"https:\/\/stuebi-hamburg.de\/stadtteilschule\/2025\/12\/08\/servus-wien-abschlussfahrt-jahrgang-13-des-hot-uns-gflasht\/\">Servus Wien! Abschlussfahrt Jahrgang 13: Des hot uns g\u2019flasht!<\/a>\r\n\t\t\t\t<\/h2>\r\n\r\n\t\t\t\t\t\t\t\t\t<div class=\"wppsac-post-date\">\r\n\t\t\t\t\t\t \r\n\t\t\t\t\t\t<span>By spoerhase<\/span>\r\n\t\t\t\t\t\t \/ 8. Dezember 2025\t\t\t\t\t<\/div>\r\n\t\t\t\t\t\t\t\t<div class=\"wppsac-post-content\">\r\n\t\t\t\t\t<div class=\"wppsac-sub-content\">Wien. Hauptstadt \u00d6sterreichs. Klingt erstmal nach Sachertorte, Sissi und ein bisschen Mozart \u2013 dachten wir. Aber schon am ersten Tag...<\/div>\r\n\r\n\t\t\t\t\t\t\t\t\t\t<a class=\"wppsac-readmorebtn\" href=\"https:\/\/stuebi-hamburg.de\/stadtteilschule\/2025\/12\/08\/servus-wien-abschlussfahrt-jahrgang-13-des-hot-uns-gflasht\/\">Read More<\/a>\r\n\t\t\t\t\t\t\t\t\t<\/div>\r\n\t\t\t\t\t\t\t<\/div>\r\n\t\t<\/div>\r\n\t\t<div class=\"wppsac-post-image-bg\">\r\n\t\t\t<a href=\"https:\/\/stuebi-hamburg.de\/stadtteilschule\/2025\/12\/08\/servus-wien-abschlussfahrt-jahrgang-13-des-hot-uns-gflasht\/\">\r\n\t\t\t\t\t\t\t\t<img class=\"wppsac-post-image\"  src=\"https:\/\/stuebi-hamburg.de\/stadtteilschule\/wp-content\/blogs.dir\/2\/files\/2025\/12\/tempImagexAWJsw-scaled.jpg\" alt=\"Servus Wien! Abschlussfahrt Jahrgang 13: Des hot uns g\u2019flasht!\" \/>\r\n\t\t\t\t\t\t\t<\/a>\r\n\t\t<\/div>\r\n\t<\/div>\r\n<\/div><div class=\"wppsac-post-slides\">\r\n\t<div class=\"wppsac-post-content-position\">\r\n\t\t<div class=\"wppsac-post-content-left wp-medium-6 wpcolumns\">\r\n\t\t\t<div class=\"wppsac-post-inner-content\">\r\n\t\t\t\t\t\t\t\t<div class=\"wppsac-post-categories\"><ul class=\"wppsac-post-categories-list\"><li><a href=\"https:\/\/stuebi-hamburg.de\/stadtteilschule\/category\/aktuelles\/\">Aktuelles<\/a><\/li><\/ul><\/div>\r\n\t\t\t\t\r\n\t\t\t\t<h2 class=\"wppsac-post-title\">\r\n\t\t\t\t\t<a href=\"https:\/\/stuebi-hamburg.de\/stadtteilschule\/2025\/12\/03\/lecker-schulgarten-mit-finanzieller-unterstuetzung-unserer-foerderer\/\">Lecker Schulgarten mit finanzieller Unterst\u00fctzung unserer F\u00f6rderer<\/a>\r\n\t\t\t\t<\/h2>\r\n\r\n\t\t\t\t\t\t\t\t\t<div class=\"wppsac-post-date\">\r\n\t\t\t\t\t\t \r\n\t\t\t\t\t\t<span>By spoerhase<\/span>\r\n\t\t\t\t\t\t \/ 3. Dezember 2025\t\t\t\t\t<\/div>\r\n\t\t\t\t\t\t\t\t<div class=\"wppsac-post-content\">\r\n\t\t\t\t\t<div class=\"wppsac-sub-content\">Gie\u00dfkanne statt Smartphone. Unser Schulgarten wird wieder zum Gem\u00fcse- und Kr\u00e4uterparadies dank Stiftung Mutter Boden. Unsere neu formierte Sch\u00fclerfirma Garten,...<\/div>\r\n\r\n\t\t\t\t\t\t\t\t\t\t<a class=\"wppsac-readmorebtn\" href=\"https:\/\/stuebi-hamburg.de\/stadtteilschule\/2025\/12\/03\/lecker-schulgarten-mit-finanzieller-unterstuetzung-unserer-foerderer\/\">Read More<\/a>\r\n\t\t\t\t\t\t\t\t\t<\/div>\r\n\t\t\t\t\t\t\t<\/div>\r\n\t\t<\/div>\r\n\t\t<div class=\"wppsac-post-image-bg\">\r\n\t\t\t<a href=\"https:\/\/stuebi-hamburg.de\/stadtteilschule\/2025\/12\/03\/lecker-schulgarten-mit-finanzieller-unterstuetzung-unserer-foerderer\/\">\r\n\t\t\t\t\t\t\t\t<img class=\"wppsac-post-image\"  src=\"https:\/\/stuebi-hamburg.de\/stadtteilschule\/wp-content\/blogs.dir\/2\/files\/2025\/12\/LeckerSchulgarten_stuebi.jpg\" alt=\"Lecker Schulgarten mit finanzieller Unterst\u00fctzung unserer F\u00f6rderer\" \/>\r\n\t\t\t\t\t\t\t<\/a>\r\n\t\t<\/div>\r\n\t<\/div>\r\n<\/div><div class=\"wppsac-post-slides\">\r\n\t<div class=\"wppsac-post-content-position\">\r\n\t\t<div class=\"wppsac-post-content-left wp-medium-6 wpcolumns\">\r\n\t\t\t<div class=\"wppsac-post-inner-content\">\r\n\t\t\t\t\t\t\t\t<div class=\"wppsac-post-categories\"><ul class=\"wppsac-post-categories-list\"><li><a href=\"https:\/\/stuebi-hamburg.de\/stadtteilschule\/category\/aktuelles\/\">Aktuelles<\/a><\/li><\/ul><\/div>\r\n\t\t\t\t\r\n\t\t\t\t<h2 class=\"wppsac-post-title\">\r\n\t\t\t\t\t<a href=\"https:\/\/stuebi-hamburg.de\/stadtteilschule\/2025\/11\/10\/abenteuer-pur-die-8a-und-8b-unterwegs-mit-fahrrad-floss-und-bowlingkugel\/\">Abenteuer pur \u2013 die 8a und 8b unterwegs mit Fahrrad, Flo\u00df und Bowlingkugel<\/a>\r\n\t\t\t\t<\/h2>\r\n\r\n\t\t\t\t\t\t\t\t\t<div class=\"wppsac-post-date\">\r\n\t\t\t\t\t\t \r\n\t\t\t\t\t\t<span>By spoerhase<\/span>\r\n\t\t\t\t\t\t \/ 10. November 2025\t\t\t\t\t<\/div>\r\n\t\t\t\t\t\t\t\t<div class=\"wppsac-post-content\">\r\n\t\t\t\t\t<div class=\"wppsac-sub-content\">Leonie Kroll, 8a Am Montag morgen haben wir uns um 9:00 Uhr an der S-Bahn Willy getroffen und sind dann...<\/div>\r\n\r\n\t\t\t\t\t\t\t\t\t\t<a class=\"wppsac-readmorebtn\" href=\"https:\/\/stuebi-hamburg.de\/stadtteilschule\/2025\/11\/10\/abenteuer-pur-die-8a-und-8b-unterwegs-mit-fahrrad-floss-und-bowlingkugel\/\">Read More<\/a>\r\n\t\t\t\t\t\t\t\t\t<\/div>\r\n\t\t\t\t\t\t\t<\/div>\r\n\t\t<\/div>\r\n\t\t<div class=\"wppsac-post-image-bg\">\r\n\t\t\t<a href=\"https:\/\/stuebi-hamburg.de\/stadtteilschule\/2025\/11\/10\/abenteuer-pur-die-8a-und-8b-unterwegs-mit-fahrrad-floss-und-bowlingkugel\/\">\r\n\t\t\t\t\t\t\t\t<img class=\"wppsac-post-image\"  src=\"https:\/\/stuebi-hamburg.de\/stadtteilschule\/wp-content\/blogs.dir\/2\/files\/2025\/11\/camphoto_758783491-scaled.jpeg\" alt=\"Abenteuer pur \u2013 die 8a und 8b unterwegs mit Fahrrad, Flo\u00df und Bowlingkugel\" \/>\r\n\t\t\t\t\t\t\t<\/a>\r\n\t\t<\/div>\r\n\t<\/div>\r\n<\/div><div class=\"wppsac-post-slides\">\r\n\t<div class=\"wppsac-post-content-position\">\r\n\t\t<div class=\"wppsac-post-content-left wp-medium-6 wpcolumns\">\r\n\t\t\t<div class=\"wppsac-post-inner-content\">\r\n\t\t\t\t\t\t\t\t<div class=\"wppsac-post-categories\"><ul class=\"wppsac-post-categories-list\"><li><a href=\"https:\/\/stuebi-hamburg.de\/stadtteilschule\/category\/aktuelles\/\">Aktuelles<\/a><\/li><\/ul><\/div>\r\n\t\t\t\t\r\n\t\t\t\t<h2 class=\"wppsac-post-title\">\r\n\t\t\t\t\t<a href=\"https:\/\/stuebi-hamburg.de\/stadtteilschule\/2025\/07\/11\/schulabschluss-und-verabschiedung\/\">Schulabschluss und Verabschiedung<\/a>\r\n\t\t\t\t<\/h2>\r\n\r\n\t\t\t\t\t\t\t\t\t<div class=\"wppsac-post-date\">\r\n\t\t\t\t\t\t \r\n\t\t\t\t\t\t<span>By spoerhase<\/span>\r\n\t\t\t\t\t\t \/ 11. Juli 2025\t\t\t\t\t<\/div>\r\n\t\t\t\t\t\t\t\t<div class=\"wppsac-post-content\">\r\n\t\t\t\t\t<div class=\"wppsac-sub-content\">Wenn die Turnhalle festlich geschm\u00fcckt ist, \u00fcberall Luftballons h\u00e4ngen, die Eltern mit Fotokameras in der Hand wartend stehen und unsere...<\/div>\r\n\r\n\t\t\t\t\t\t\t\t\t\t<a class=\"wppsac-readmorebtn\" href=\"https:\/\/stuebi-hamburg.de\/stadtteilschule\/2025\/07\/11\/schulabschluss-und-verabschiedung\/\">Read More<\/a>\r\n\t\t\t\t\t\t\t\t\t<\/div>\r\n\t\t\t\t\t\t\t<\/div>\r\n\t\t<\/div>\r\n\t\t<div class=\"wppsac-post-image-bg\">\r\n\t\t\t<a href=\"https:\/\/stuebi-hamburg.de\/stadtteilschule\/2025\/07\/11\/schulabschluss-und-verabschiedung\/\">\r\n\t\t\t\t\t\t\t\t<img class=\"wppsac-post-image\"  src=\"https:\/\/stuebi-hamburg.de\/stadtteilschule\/wp-content\/blogs.dir\/2\/files\/2025\/07\/20250711-KY2A7399.jpg\" alt=\"Schulabschluss und Verabschiedung\" \/>\r\n\t\t\t\t\t\t\t<\/a>\r\n\t\t<\/div>\r\n\t<\/div>\r\n<\/div><div class=\"wppsac-post-slides\">\r\n\t<div class=\"wppsac-post-content-position\">\r\n\t\t<div class=\"wppsac-post-content-left wp-medium-6 wpcolumns\">\r\n\t\t\t<div class=\"wppsac-post-inner-content\">\r\n\t\t\t\t\t\t\t\t<div class=\"wppsac-post-categories\"><ul class=\"wppsac-post-categories-list\"><li><a href=\"https:\/\/stuebi-hamburg.de\/stadtteilschule\/category\/aktuelles\/\">Aktuelles<\/a><\/li><\/ul><\/div>\r\n\t\t\t\t\r\n\t\t\t\t<h2 class=\"wppsac-post-title\">\r\n\t\t\t\t\t<a href=\"https:\/\/stuebi-hamburg.de\/stadtteilschule\/2025\/07\/09\/abitur-2025-leinen-los-und-raus-in-die-welt\/\">Abitur 2025 \u2013 Leinen los und raus in die Welt!<\/a>\r\n\t\t\t\t<\/h2>\r\n\r\n\t\t\t\t\t\t\t\t\t<div class=\"wppsac-post-date\">\r\n\t\t\t\t\t\t \r\n\t\t\t\t\t\t<span>By spoerhase<\/span>\r\n\t\t\t\t\t\t \/ 9. Juli 2025\t\t\t\t\t<\/div>\r\n\t\t\t\t\t\t\t\t<div class=\"wppsac-post-content\">\r\n\t\t\t\t\t<div class=\"wppsac-sub-content\">Am Mittwoch, den 09.07.2025 fand die diesj\u00e4hrige Abiturentlassungsfeier der Gemeinsamen Oberstufe Wilhelmsburg (OSW)&nbsp;im Hafenmuseum Hamburg statt. 13 Schuljahre sind nun...<\/div>\r\n\r\n\t\t\t\t\t\t\t\t\t\t<a class=\"wppsac-readmorebtn\" href=\"https:\/\/stuebi-hamburg.de\/stadtteilschule\/2025\/07\/09\/abitur-2025-leinen-los-und-raus-in-die-welt\/\">Read More<\/a>\r\n\t\t\t\t\t\t\t\t\t<\/div>\r\n\t\t\t\t\t\t\t<\/div>\r\n\t\t<\/div>\r\n\t\t<div class=\"wppsac-post-image-bg\">\r\n\t\t\t<a href=\"https:\/\/stuebi-hamburg.de\/stadtteilschule\/2025\/07\/09\/abitur-2025-leinen-los-und-raus-in-die-welt\/\">\r\n\t\t\t\t\t\t\t\t<img class=\"wppsac-post-image\"  src=\"https:\/\/stuebi-hamburg.de\/stadtteilschule\/wp-content\/blogs.dir\/2\/files\/2025\/07\/4M5A1098-scaled.jpg\" alt=\"Abitur 2025 \u2013 Leinen los und raus in die Welt!\" \/>\r\n\t\t\t\t\t\t\t<\/a>\r\n\t\t<\/div>\r\n\t<\/div>\r\n<\/div><div class=\"wppsac-post-slides\">\r\n\t<div class=\"wppsac-post-content-position\">\r\n\t\t<div class=\"wppsac-post-content-left wp-medium-6 wpcolumns\">\r\n\t\t\t<div class=\"wppsac-post-inner-content\">\r\n\t\t\t\t\t\t\t\t<div class=\"wppsac-post-categories\"><ul class=\"wppsac-post-categories-list\"><li><a href=\"https:\/\/stuebi-hamburg.de\/stadtteilschule\/category\/aktuelles\/\">Aktuelles<\/a><\/li><\/ul><\/div>\r\n\t\t\t\t\r\n\t\t\t\t<h2 class=\"wppsac-post-title\">\r\n\t\t\t\t\t<a href=\"https:\/\/stuebi-hamburg.de\/stadtteilschule\/2025\/06\/12\/neue-produkte-aus-den-schuelerfirmen\/\">Neue Produkte aus den Sch\u00fclerfirmen<\/a>\r\n\t\t\t\t<\/h2>\r\n\r\n\t\t\t\t\t\t\t\t\t<div class=\"wppsac-post-date\">\r\n\t\t\t\t\t\t \r\n\t\t\t\t\t\t<span>By spoerhase<\/span>\r\n\t\t\t\t\t\t \/ 12. Juni 2025\t\t\t\t\t<\/div>\r\n\t\t\t\t\t\t\t\t<div class=\"wppsac-post-content\">\r\n\t\t\t\t\t<div class=\"wppsac-sub-content\">Die Sch\u00fclerfirma Textil produziert Schult\u00fcten f\u00fcr Jahrgang 5 Azra Celik und Suna Yildrim haben in der Sch\u00fclerfirma Textil die Schult\u00fcten...<\/div>\r\n\r\n\t\t\t\t\t\t\t\t\t\t<a class=\"wppsac-readmorebtn\" href=\"https:\/\/stuebi-hamburg.de\/stadtteilschule\/2025\/06\/12\/neue-produkte-aus-den-schuelerfirmen\/\">Read More<\/a>\r\n\t\t\t\t\t\t\t\t\t<\/div>\r\n\t\t\t\t\t\t\t<\/div>\r\n\t\t<\/div>\r\n\t\t<div class=\"wppsac-post-image-bg\">\r\n\t\t\t<a href=\"https:\/\/stuebi-hamburg.de\/stadtteilschule\/2025\/06\/12\/neue-produkte-aus-den-schuelerfirmen\/\">\r\n\t\t\t\t\t\t\t\t<img class=\"wppsac-post-image\"  src=\"https:\/\/stuebi-hamburg.de\/stadtteilschule\/wp-content\/blogs.dir\/2\/files\/2025\/06\/20250611_120836582-scaled.jpg\" alt=\"Neue Produkte aus den Sch\u00fclerfirmen\" \/>\r\n\t\t\t\t\t\t\t<\/a>\r\n\t\t<\/div>\r\n\t<\/div>\r\n<\/div><div class=\"wppsac-post-slides\">\r\n\t<div class=\"wppsac-post-content-position\">\r\n\t\t<div class=\"wppsac-post-content-left wp-medium-6 wpcolumns\">\r\n\t\t\t<div class=\"wppsac-post-inner-content\">\r\n\t\t\t\t\t\t\t\t<div class=\"wppsac-post-categories\"><ul class=\"wppsac-post-categories-list\"><li><a href=\"https:\/\/stuebi-hamburg.de\/stadtteilschule\/category\/aktuelles\/\">Aktuelles<\/a><\/li><\/ul><\/div>\r\n\t\t\t\t\r\n\t\t\t\t<h2 class=\"wppsac-post-title\">\r\n\t\t\t\t\t<a href=\"https:\/\/stuebi-hamburg.de\/stadtteilschule\/2025\/06\/11\/starke-leistungen-beim-vorentscheid-der-welt-roboter-olympiade\/\">Starke Leistungen beim Vorentscheid der Welt-Roboter-Olympiade<\/a>\r\n\t\t\t\t<\/h2>\r\n\r\n\t\t\t\t\t\t\t\t\t<div class=\"wppsac-post-date\">\r\n\t\t\t\t\t\t \r\n\t\t\t\t\t\t<span>By spoerhase<\/span>\r\n\t\t\t\t\t\t \/ 11. Juni 2025\t\t\t\t\t<\/div>\r\n\t\t\t\t\t\t\t\t<div class=\"wppsac-post-content\">\r\n\t\t\t\t\t<div class=\"wppsac-sub-content\">Am 11. Juni 2025 fand in Wilhelmsburg der Vorentscheid zur Welt-Roboter-Olympiade statt \u2013 und unsere Schule war gleich mit zwei...<\/div>\r\n\r\n\t\t\t\t\t\t\t\t\t\t<a class=\"wppsac-readmorebtn\" href=\"https:\/\/stuebi-hamburg.de\/stadtteilschule\/2025\/06\/11\/starke-leistungen-beim-vorentscheid-der-welt-roboter-olympiade\/\">Read More<\/a>\r\n\t\t\t\t\t\t\t\t\t<\/div>\r\n\t\t\t\t\t\t\t<\/div>\r\n\t\t<\/div>\r\n\t\t<div class=\"wppsac-post-image-bg\">\r\n\t\t\t<a href=\"https:\/\/stuebi-hamburg.de\/stadtteilschule\/2025\/06\/11\/starke-leistungen-beim-vorentscheid-der-welt-roboter-olympiade\/\">\r\n\t\t\t\t\t\t\t\t<img class=\"wppsac-post-image\"  src=\"https:\/\/stuebi-hamburg.de\/stadtteilschule\/wp-content\/blogs.dir\/2\/files\/2025\/07\/IMG_1381-scaled.jpeg\" alt=\"Starke Leistungen beim Vorentscheid der Welt-Roboter-Olympiade\" \/>\r\n\t\t\t\t\t\t\t<\/a>\r\n\t\t<\/div>\r\n\t<\/div>\r\n<\/div><div class=\"wppsac-post-slides\">\r\n\t<div class=\"wppsac-post-content-position\">\r\n\t\t<div class=\"wppsac-post-content-left wp-medium-6 wpcolumns\">\r\n\t\t\t<div class=\"wppsac-post-inner-content\">\r\n\t\t\t\t\t\t\t\t<div class=\"wppsac-post-categories\"><ul class=\"wppsac-post-categories-list\"><li><a href=\"https:\/\/stuebi-hamburg.de\/stadtteilschule\/category\/aktuelles\/\">Aktuelles<\/a><\/li><\/ul><\/div>\r\n\t\t\t\t\r\n\t\t\t\t<h2 class=\"wppsac-post-title\">\r\n\t\t\t\t\t<a href=\"https:\/\/stuebi-hamburg.de\/stadtteilschule\/2025\/03\/07\/violilie-design-your-place\/\">Violilie \u2013 DESIGN YOUR PLACE<\/a>\r\n\t\t\t\t<\/h2>\r\n\r\n\t\t\t\t\t\t\t\t\t<div class=\"wppsac-post-date\">\r\n\t\t\t\t\t\t \r\n\t\t\t\t\t\t<span>By spoerhase<\/span>\r\n\t\t\t\t\t\t \/ 7. M\u00e4rz 2025\t\t\t\t\t<\/div>\r\n\t\t\t\t\t\t\t\t<div class=\"wppsac-post-content\">\r\n\t\t\t\t\t<div class=\"wppsac-sub-content\">Die AG Design your Place hat in diesem Halbjahr an diesem Kunstauftrag gearbeitet. Es handelt sich um eine Gro\u00dfleinwand mit...<\/div>\r\n\r\n\t\t\t\t\t\t\t\t\t\t<a class=\"wppsac-readmorebtn\" href=\"https:\/\/stuebi-hamburg.de\/stadtteilschule\/2025\/03\/07\/violilie-design-your-place\/\">Read More<\/a>\r\n\t\t\t\t\t\t\t\t\t<\/div>\r\n\t\t\t\t\t\t\t<\/div>\r\n\t\t<\/div>\r\n\t\t<div class=\"wppsac-post-image-bg\">\r\n\t\t\t<a href=\"https:\/\/stuebi-hamburg.de\/stadtteilschule\/2025\/03\/07\/violilie-design-your-place\/\">\r\n\t\t\t\t\t\t\t\t<img class=\"wppsac-post-image\"  src=\"https:\/\/stuebi-hamburg.de\/stadtteilschule\/wp-content\/blogs.dir\/2\/files\/2025\/03\/20250113_131451-scaled.jpg\" alt=\"Violilie \u2013 DESIGN YOUR PLACE\" \/>\r\n\t\t\t\t\t\t\t<\/a>\r\n\t\t<\/div>\r\n\t<\/div>\r\n<\/div><div class=\"wppsac-post-slides\">\r\n\t<div class=\"wppsac-post-content-position\">\r\n\t\t<div class=\"wppsac-post-content-left wp-medium-6 wpcolumns\">\r\n\t\t\t<div class=\"wppsac-post-inner-content\">\r\n\t\t\t\t\t\t\t\t<div class=\"wppsac-post-categories\"><ul class=\"wppsac-post-categories-list\"><li><a href=\"https:\/\/stuebi-hamburg.de\/stadtteilschule\/category\/aktuelles\/\">Aktuelles<\/a><\/li><\/ul><\/div>\r\n\t\t\t\t\r\n\t\t\t\t<h2 class=\"wppsac-post-title\">\r\n\t\t\t\t\t<a href=\"https:\/\/stuebi-hamburg.de\/stadtteilschule\/2025\/02\/18\/juniorwahl-2025-stuebi-waehlt\/\">Juniorwahl 2025 \u2013 St\u00fcbi hat gew\u00e4hlt!<\/a>\r\n\t\t\t\t<\/h2>\r\n\r\n\t\t\t\t\t\t\t\t\t<div class=\"wppsac-post-date\">\r\n\t\t\t\t\t\t \r\n\t\t\t\t\t\t<span>By spoerhase<\/span>\r\n\t\t\t\t\t\t \/ 18. Februar 2025\t\t\t\t\t<\/div>\r\n\t\t\t\t\t\t\t\t<div class=\"wppsac-post-content\">\r\n\t\t\t\t\t<div class=\"wppsac-sub-content\">https:\/\/www.juniorwahl.de Parallel zur Bundestagswahl 2025 haben unsere Sch\u00fcler\/innen am St\u00fcbi zwei Tage vorher, am Freitag, den 21.02.2025, bei der Juniorwahl...<\/div>\r\n\r\n\t\t\t\t\t\t\t\t\t\t<a class=\"wppsac-readmorebtn\" href=\"https:\/\/stuebi-hamburg.de\/stadtteilschule\/2025\/02\/18\/juniorwahl-2025-stuebi-waehlt\/\">Read More<\/a>\r\n\t\t\t\t\t\t\t\t\t<\/div>\r\n\t\t\t\t\t\t\t<\/div>\r\n\t\t<\/div>\r\n\t\t<div class=\"wppsac-post-image-bg\">\r\n\t\t\t<a href=\"https:\/\/stuebi-hamburg.de\/stadtteilschule\/2025\/02\/18\/juniorwahl-2025-stuebi-waehlt\/\">\r\n\t\t\t\t\t\t\t\t<img class=\"wppsac-post-image\"  src=\"https:\/\/stuebi-hamburg.de\/stadtteilschule\/wp-content\/blogs.dir\/2\/files\/2025\/02\/Bildschirmfoto-2025-02-18-um-19.30.22.png\" alt=\"Juniorwahl 2025 \u2013 St\u00fcbi hat gew\u00e4hlt!\" \/>\r\n\t\t\t\t\t\t\t<\/a>\r\n\t\t<\/div>\r\n\t<\/div>\r\n<\/div><div class=\"wppsac-post-slides\">\r\n\t<div class=\"wppsac-post-content-position\">\r\n\t\t<div class=\"wppsac-post-content-left wp-medium-6 wpcolumns\">\r\n\t\t\t<div class=\"wppsac-post-inner-content\">\r\n\t\t\t\t\t\t\t\t<div class=\"wppsac-post-categories\"><ul class=\"wppsac-post-categories-list\"><li><a href=\"https:\/\/stuebi-hamburg.de\/stadtteilschule\/category\/aktuelles\/\">Aktuelles<\/a><\/li><\/ul><\/div>\r\n\t\t\t\t\r\n\t\t\t\t<h2 class=\"wppsac-post-title\">\r\n\t\t\t\t\t<a href=\"https:\/\/stuebi-hamburg.de\/stadtteilschule\/2025\/02\/06\/rohbau-steht-richtfest-unseres-werkstattgebaeudes-mit-schulsenatorin-ksenija-bekeris\/\">Rohbau steht! Richtfest unseres Werkstattgeb\u00e4udes mit Schulsenatorin Ksenija Bekeris<\/a>\r\n\t\t\t\t<\/h2>\r\n\r\n\t\t\t\t\t\t\t\t\t<div class=\"wppsac-post-date\">\r\n\t\t\t\t\t\t \r\n\t\t\t\t\t\t<span>By spoerhase<\/span>\r\n\t\t\t\t\t\t \/ 6. Februar 2025\t\t\t\t\t<\/div>\r\n\t\t\t\t\t\t\t\t<div class=\"wppsac-post-content\">\r\n\t\t\t\t\t<div class=\"wppsac-sub-content\">Ein gro\u00dfer Meilenstein ist erreicht. Der Rohbau unseres neuen Werkstattgeb\u00e4udes steht und die Schulsenatorin Ksenija Bekeris sowie Baubeteiligte (GMH) nahmen...<\/div>\r\n\r\n\t\t\t\t\t\t\t\t\t\t<a class=\"wppsac-readmorebtn\" href=\"https:\/\/stuebi-hamburg.de\/stadtteilschule\/2025\/02\/06\/rohbau-steht-richtfest-unseres-werkstattgebaeudes-mit-schulsenatorin-ksenija-bekeris\/\">Read More<\/a>\r\n\t\t\t\t\t\t\t\t\t<\/div>\r\n\t\t\t\t\t\t\t<\/div>\r\n\t\t<\/div>\r\n\t\t<div class=\"wppsac-post-image-bg\">\r\n\t\t\t<a href=\"https:\/\/stuebi-hamburg.de\/stadtteilschule\/2025\/02\/06\/rohbau-steht-richtfest-unseres-werkstattgebaeudes-mit-schulsenatorin-ksenija-bekeris\/\">\r\n\t\t\t\t\t\t\t\t<img class=\"wppsac-post-image\"  src=\"https:\/\/stuebi-hamburg.de\/stadtteilschule\/wp-content\/blogs.dir\/2\/files\/2025\/02\/4M5A6615-scaled.jpg\" alt=\"Rohbau steht! Richtfest unseres Werkstattgeb\u00e4udes mit Schulsenatorin Ksenija Bekeris\" \/>\r\n\t\t\t\t\t\t\t<\/a>\r\n\t\t<\/div>\r\n\t<\/div>\r\n<\/div><div class=\"wppsac-post-slides\">\r\n\t<div class=\"wppsac-post-content-position\">\r\n\t\t<div class=\"wppsac-post-content-left wp-medium-6 wpcolumns\">\r\n\t\t\t<div class=\"wppsac-post-inner-content\">\r\n\t\t\t\t\t\t\t\t<div class=\"wppsac-post-categories\"><ul class=\"wppsac-post-categories-list\"><li><a href=\"https:\/\/stuebi-hamburg.de\/stadtteilschule\/category\/aktuelles\/\">Aktuelles<\/a><\/li><\/ul><\/div>\r\n\t\t\t\t\r\n\t\t\t\t<h2 class=\"wppsac-post-title\">\r\n\t\t\t\t\t<a href=\"https:\/\/stuebi-hamburg.de\/stadtteilschule\/2025\/02\/03\/wir-bewerben-uns-um-den-deutschen-kinder-und-jugendpreis-2025\/\">Wir bewerben uns um den Deutschen Kinder- und Jugendpreis 2025<\/a>\r\n\t\t\t\t<\/h2>\r\n\r\n\t\t\t\t\t\t\t\t\t<div class=\"wppsac-post-date\">\r\n\t\t\t\t\t\t \r\n\t\t\t\t\t\t<span>By spoerhase<\/span>\r\n\t\t\t\t\t\t \/ 3. Februar 2025\t\t\t\t\t<\/div>\r\n\t\t\t\t\t\t\t\t<div class=\"wppsac-post-content\">\r\n\t\t\t\t\t<div class=\"wppsac-sub-content\">Zurzeit&nbsp;bewerben&nbsp;wir&nbsp;uns mit unserem St\u00fcbi Makerspace Club um den Deutschen Kinder- und Jugendpreis 2025 Der St\u00fcbi Makerspace Club ist Teil der...<\/div>\r\n\r\n\t\t\t\t\t\t\t\t\t\t<a class=\"wppsac-readmorebtn\" href=\"https:\/\/stuebi-hamburg.de\/stadtteilschule\/2025\/02\/03\/wir-bewerben-uns-um-den-deutschen-kinder-und-jugendpreis-2025\/\">Read More<\/a>\r\n\t\t\t\t\t\t\t\t\t<\/div>\r\n\t\t\t\t\t\t\t<\/div>\r\n\t\t<\/div>\r\n\t\t<div class=\"wppsac-post-image-bg\">\r\n\t\t\t<a href=\"https:\/\/stuebi-hamburg.de\/stadtteilschule\/2025\/02\/03\/wir-bewerben-uns-um-den-deutschen-kinder-und-jugendpreis-2025\/\">\r\n\t\t\t\t\t\t\t\t<img class=\"wppsac-post-image\"  src=\"https:\/\/stuebi-hamburg.de\/stadtteilschule\/wp-content\/blogs.dir\/2\/files\/2025\/02\/Bildschirmfoto-2025-02-03-um-17.17.00.png\" alt=\"Wir bewerben uns um den Deutschen Kinder- und Jugendpreis 2025\" \/>\r\n\t\t\t\t\t\t\t<\/a>\r\n\t\t<\/div>\r\n\t<\/div>\r\n<\/div><div class=\"wppsac-post-slides\">\r\n\t<div class=\"wppsac-post-content-position\">\r\n\t\t<div class=\"wppsac-post-content-left wp-medium-6 wpcolumns\">\r\n\t\t\t<div class=\"wppsac-post-inner-content\">\r\n\t\t\t\t\t\t\t\t<div class=\"wppsac-post-categories\"><ul class=\"wppsac-post-categories-list\"><li><a href=\"https:\/\/stuebi-hamburg.de\/stadtteilschule\/category\/aktuelles\/\">Aktuelles<\/a><\/li><\/ul><\/div>\r\n\t\t\t\t\r\n\t\t\t\t<h2 class=\"wppsac-post-title\">\r\n\t\t\t\t\t<a href=\"https:\/\/stuebi-hamburg.de\/stadtteilschule\/2024\/12\/18\/ein-jahresabschluss-mit-buehnenprogramm-und-vielen-mitmachangeboten\/\">Ein Jahresabschluss mit B\u00fchnenprogramm und vielen Mitmachangeboten<\/a>\r\n\t\t\t\t<\/h2>\r\n\r\n\t\t\t\t\t\t\t\t\t<div class=\"wppsac-post-date\">\r\n\t\t\t\t\t\t \r\n\t\t\t\t\t\t<span>By spoerhase<\/span>\r\n\t\t\t\t\t\t \/ 18. Dezember 2024\t\t\t\t\t<\/div>\r\n\t\t\t\t\t\t\t\t<div class=\"wppsac-post-content\">\r\n\t\t\t\t\t<div class=\"wppsac-sub-content\">Unser Winterfest 2024 Tradition seit Jahren am St\u00fcbi \u2013 Sch\u00fcler\/innen, Kolleg\/innen, Eltern und Freunde, Kooperations-partner\/innen sowie ehemalige Sch\u00fcler\/innen und Kolleg\/innen...<\/div>\r\n\r\n\t\t\t\t\t\t\t\t\t\t<a class=\"wppsac-readmorebtn\" href=\"https:\/\/stuebi-hamburg.de\/stadtteilschule\/2024\/12\/18\/ein-jahresabschluss-mit-buehnenprogramm-und-vielen-mitmachangeboten\/\">Read More<\/a>\r\n\t\t\t\t\t\t\t\t\t<\/div>\r\n\t\t\t\t\t\t\t<\/div>\r\n\t\t<\/div>\r\n\t\t<div class=\"wppsac-post-image-bg\">\r\n\t\t\t<a href=\"https:\/\/stuebi-hamburg.de\/stadtteilschule\/2024\/12\/18\/ein-jahresabschluss-mit-buehnenprogramm-und-vielen-mitmachangeboten\/\">\r\n\t\t\t\t\t\t\t\t<img class=\"wppsac-post-image\"  src=\"https:\/\/stuebi-hamburg.de\/stadtteilschule\/wp-content\/blogs.dir\/2\/files\/2024\/12\/IMG_3973-1-scaled.jpeg\" alt=\"Ein Jahresabschluss mit B\u00fchnenprogramm und vielen Mitmachangeboten\" \/>\r\n\t\t\t\t\t\t\t<\/a>\r\n\t\t<\/div>\r\n\t<\/div>\r\n<\/div><div class=\"wppsac-post-slides\">\r\n\t<div class=\"wppsac-post-content-position\">\r\n\t\t<div class=\"wppsac-post-content-left wp-medium-6 wpcolumns\">\r\n\t\t\t<div class=\"wppsac-post-inner-content\">\r\n\t\t\t\t\t\t\t\t<div class=\"wppsac-post-categories\"><ul class=\"wppsac-post-categories-list\"><li><a href=\"https:\/\/stuebi-hamburg.de\/stadtteilschule\/category\/aktuelles\/\">Aktuelles<\/a><\/li><\/ul><\/div>\r\n\t\t\t\t\r\n\t\t\t\t<h2 class=\"wppsac-post-title\">\r\n\t\t\t\t\t<a href=\"https:\/\/stuebi-hamburg.de\/stadtteilschule\/2024\/09\/18\/bauen-mit-lehm\/\">Bauen mit Lehm<\/a>\r\n\t\t\t\t<\/h2>\r\n\r\n\t\t\t\t\t\t\t\t\t<div class=\"wppsac-post-date\">\r\n\t\t\t\t\t\t \r\n\t\t\t\t\t\t<span>By spoerhase<\/span>\r\n\t\t\t\t\t\t \/ 18. September 2024\t\t\t\t\t<\/div>\r\n\t\t\t\t\t\t\t\t<div class=\"wppsac-post-content\">\r\n\t\t\t\t\t<div class=\"wppsac-sub-content\">Unsere 7a hat beim Lehmbaufestival in Wilhelmsburg teilgenommen und konnte ausprobieren, wie aus Lehm Kuppeln, H\u00f6hlen und kreative Bauwerke entstehen....<\/div>\r\n\r\n\t\t\t\t\t\t\t\t\t\t<a class=\"wppsac-readmorebtn\" href=\"https:\/\/stuebi-hamburg.de\/stadtteilschule\/2024\/09\/18\/bauen-mit-lehm\/\">Read More<\/a>\r\n\t\t\t\t\t\t\t\t\t<\/div>\r\n\t\t\t\t\t\t\t<\/div>\r\n\t\t<\/div>\r\n\t\t<div class=\"wppsac-post-image-bg\">\r\n\t\t\t<a href=\"https:\/\/stuebi-hamburg.de\/stadtteilschule\/2024\/09\/18\/bauen-mit-lehm\/\">\r\n\t\t\t\t\t\t\t\t<img class=\"wppsac-post-image\"  src=\"https:\/\/stuebi-hamburg.de\/stadtteilschule\/wp-content\/blogs.dir\/2\/files\/2024\/09\/IMG_0986-scaled.jpeg\" alt=\"Bauen mit Lehm\" \/>\r\n\t\t\t\t\t\t\t<\/a>\r\n\t\t<\/div>\r\n\t<\/div>\r\n<\/div><div class=\"wppsac-post-slides\">\r\n\t<div class=\"wppsac-post-content-position\">\r\n\t\t<div class=\"wppsac-post-content-left wp-medium-6 wpcolumns\">\r\n\t\t\t<div class=\"wppsac-post-inner-content\">\r\n\t\t\t\t\t\t\t\t<div class=\"wppsac-post-categories\"><ul class=\"wppsac-post-categories-list\"><li><a href=\"https:\/\/stuebi-hamburg.de\/stadtteilschule\/category\/aktuelles\/\">Aktuelles<\/a><\/li><\/ul><\/div>\r\n\t\t\t\t\r\n\t\t\t\t<h2 class=\"wppsac-post-title\">\r\n\t\t\t\t\t<a href=\"https:\/\/stuebi-hamburg.de\/stadtteilschule\/2024\/09\/11\/aktionstag-gegen-mobbing-weggeschaut-ist-mitgemacht\/\">Aktionstag gegen Mobbing: WEGGESCHAUT IST MITGEMACHT!<\/a>\r\n\t\t\t\t<\/h2>\r\n\r\n\t\t\t\t\t\t\t\t\t<div class=\"wppsac-post-date\">\r\n\t\t\t\t\t\t \r\n\t\t\t\t\t\t<span>By spoerhase<\/span>\r\n\t\t\t\t\t\t \/ 11. September 2024\t\t\t\t\t<\/div>\r\n\t\t\t\t\t\t\t\t<div class=\"wppsac-post-content\">\r\n\t\t\t\t\t<div class=\"wppsac-sub-content\">Die Kulturschule Leipzig kommt f\u00fcr einen Mobbing Aktionstag am 18.09.2024 zu uns in die Schule. Die Kulturschule Leipzig kommt mit...<\/div>\r\n\r\n\t\t\t\t\t\t\t\t\t\t<a class=\"wppsac-readmorebtn\" href=\"https:\/\/stuebi-hamburg.de\/stadtteilschule\/2024\/09\/11\/aktionstag-gegen-mobbing-weggeschaut-ist-mitgemacht\/\">Read More<\/a>\r\n\t\t\t\t\t\t\t\t\t<\/div>\r\n\t\t\t\t\t\t\t<\/div>\r\n\t\t<\/div>\r\n\t\t<div class=\"wppsac-post-image-bg\">\r\n\t\t\t<a href=\"https:\/\/stuebi-hamburg.de\/stadtteilschule\/2024\/09\/11\/aktionstag-gegen-mobbing-weggeschaut-ist-mitgemacht\/\">\r\n\t\t\t\t\t\t\t\t<img class=\"wppsac-post-image\"  src=\"https:\/\/stuebi-hamburg.de\/stadtteilschule\/wp-content\/blogs.dir\/2\/files\/2024\/09\/Titel_Mobbing_Stuebi.jpg\" alt=\"Aktionstag gegen Mobbing: WEGGESCHAUT IST MITGEMACHT!\" \/>\r\n\t\t\t\t\t\t\t<\/a>\r\n\t\t<\/div>\r\n\t<\/div>\r\n<\/div><div class=\"wppsac-post-slides\">\r\n\t<div class=\"wppsac-post-content-position\">\r\n\t\t<div class=\"wppsac-post-content-left wp-medium-6 wpcolumns\">\r\n\t\t\t<div class=\"wppsac-post-inner-content\">\r\n\t\t\t\t\t\t\t\t<div class=\"wppsac-post-categories\"><ul class=\"wppsac-post-categories-list\"><li><a href=\"https:\/\/stuebi-hamburg.de\/stadtteilschule\/category\/aktuelles\/\">Aktuelles<\/a><\/li><\/ul><\/div>\r\n\t\t\t\t\r\n\t\t\t\t<h2 class=\"wppsac-post-title\">\r\n\t\t\t\t\t<a href=\"https:\/\/stuebi-hamburg.de\/stadtteilschule\/2024\/06\/11\/hip-hip-hurra-2-platz-fuer-unsere-vorschueler-innen\/\">HIP HIP HURRA \u2013 2. Platz f\u00fcr unsere Vorsch\u00fcler\/innen<\/a>\r\n\t\t\t\t<\/h2>\r\n\r\n\t\t\t\t\t\t\t\t\t<div class=\"wppsac-post-date\">\r\n\t\t\t\t\t\t \r\n\t\t\t\t\t\t<span>By spoerhase<\/span>\r\n\t\t\t\t\t\t \/ 11. Juni 2024\t\t\t\t\t<\/div>\r\n\t\t\t\t\t\t\t\t<div class=\"wppsac-post-content\">\r\n\t\t\t\t\t<div class=\"wppsac-sub-content\">Im Mai haben unsere Vorsch\u00fcler\/innen am Kreativ-Wettbewerb \u201eGesunde Z\u00e4hne \u2013 Kranke Z\u00e4hne\u201c der Zahn\u00e4rztlichen Kammer Hamburg teilgenommen und ein Video...<\/div>\r\n\r\n\t\t\t\t\t\t\t\t\t\t<a class=\"wppsac-readmorebtn\" href=\"https:\/\/stuebi-hamburg.de\/stadtteilschule\/2024\/06\/11\/hip-hip-hurra-2-platz-fuer-unsere-vorschueler-innen\/\">Read More<\/a>\r\n\t\t\t\t\t\t\t\t\t<\/div>\r\n\t\t\t\t\t\t\t<\/div>\r\n\t\t<\/div>\r\n\t\t<div class=\"wppsac-post-image-bg\">\r\n\t\t\t<a href=\"https:\/\/stuebi-hamburg.de\/stadtteilschule\/2024\/06\/11\/hip-hip-hurra-2-platz-fuer-unsere-vorschueler-innen\/\">\r\n\t\t\t\t\t\t\t\t<img class=\"wppsac-post-image\"  src=\"https:\/\/stuebi-hamburg.de\/stadtteilschule\/wp-content\/blogs.dir\/2\/files\/2024\/06\/IMG_8574-scaled.jpeg\" alt=\"HIP HIP HURRA \u2013 2. Platz f\u00fcr unsere Vorsch\u00fcler\/innen\" \/>\r\n\t\t\t\t\t\t\t<\/a>\r\n\t\t<\/div>\r\n\t<\/div>\r\n<\/div><div class=\"wppsac-post-slides\">\r\n\t<div class=\"wppsac-post-content-position\">\r\n\t\t<div class=\"wppsac-post-content-left wp-medium-6 wpcolumns\">\r\n\t\t\t<div class=\"wppsac-post-inner-content\">\r\n\t\t\t\t\t\t\t\t<div class=\"wppsac-post-categories\"><ul class=\"wppsac-post-categories-list\"><li><a href=\"https:\/\/stuebi-hamburg.de\/stadtteilschule\/category\/aktuelles\/\">Aktuelles<\/a><\/li><\/ul><\/div>\r\n\t\t\t\t\r\n\t\t\t\t<h2 class=\"wppsac-post-title\">\r\n\t\t\t\t\t<a href=\"https:\/\/stuebi-hamburg.de\/stadtteilschule\/2024\/05\/30\/wie-aufregend-das-foto-zusammenspiel-von-alt-und-jung-von-malika-muradi-wird-im-altonaer-museum-aussgestellt\/\">Wie aufregend! Das Foto \u201eZusammenspiel von Alt und Jung\u201c von Malika Muradi wird im Altonaer Museum ausgestellt.<\/a>\r\n\t\t\t\t<\/h2>\r\n\r\n\t\t\t\t\t\t\t\t\t<div class=\"wppsac-post-date\">\r\n\t\t\t\t\t\t \r\n\t\t\t\t\t\t<span>By spoerhase<\/span>\r\n\t\t\t\t\t\t \/ 30. Mai 2024\t\t\t\t\t<\/div>\r\n\t\t\t\t\t\t\t\t<div class=\"wppsac-post-content\">\r\n\t\t\t\t\t<div class=\"wppsac-sub-content\">Die Sch\u00fcler\/innen der Sch\u00fclerfirma Medien-St\u00fcbi Gestaltung haben am 9. Fotowettbewerb an Hamburger Schulen teilgenommen und Fotoaufnahmen zum Thema: \u201eDie Zeit...<\/div>\r\n\r\n\t\t\t\t\t\t\t\t\t\t<a class=\"wppsac-readmorebtn\" href=\"https:\/\/stuebi-hamburg.de\/stadtteilschule\/2024\/05\/30\/wie-aufregend-das-foto-zusammenspiel-von-alt-und-jung-von-malika-muradi-wird-im-altonaer-museum-aussgestellt\/\">Read More<\/a>\r\n\t\t\t\t\t\t\t\t\t<\/div>\r\n\t\t\t\t\t\t\t<\/div>\r\n\t\t<\/div>\r\n\t\t<div class=\"wppsac-post-image-bg\">\r\n\t\t\t<a href=\"https:\/\/stuebi-hamburg.de\/stadtteilschule\/2024\/05\/30\/wie-aufregend-das-foto-zusammenspiel-von-alt-und-jung-von-malika-muradi-wird-im-altonaer-museum-aussgestellt\/\">\r\n\t\t\t\t\t\t\t\t<img class=\"wppsac-post-image\"  src=\"https:\/\/stuebi-hamburg.de\/stadtteilschule\/wp-content\/blogs.dir\/2\/files\/2024\/05\/IMG_2254-scaled.jpeg\" alt=\"Wie aufregend! Das Foto \u201eZusammenspiel von Alt und Jung\u201c von Malika Muradi wird im Altonaer Museum ausgestellt.\" \/>\r\n\t\t\t\t\t\t\t<\/a>\r\n\t\t<\/div>\r\n\t<\/div>\r\n<\/div><div class=\"wppsac-post-slides\">\r\n\t<div class=\"wppsac-post-content-position\">\r\n\t\t<div class=\"wppsac-post-content-left wp-medium-6 wpcolumns\">\r\n\t\t\t<div class=\"wppsac-post-inner-content\">\r\n\t\t\t\t\t\t\t\t<div class=\"wppsac-post-categories\"><ul class=\"wppsac-post-categories-list\"><li><a href=\"https:\/\/stuebi-hamburg.de\/stadtteilschule\/category\/aktuelles\/\">Aktuelles<\/a><\/li><\/ul><\/div>\r\n\t\t\t\t\r\n\t\t\t\t<h2 class=\"wppsac-post-title\">\r\n\t\t\t\t\t<a href=\"https:\/\/stuebi-hamburg.de\/stadtteilschule\/2024\/04\/25\/buchentdecker-tag-xxl\/\">BuchEntdecker-Tag XXL<\/a>\r\n\t\t\t\t<\/h2>\r\n\r\n\t\t\t\t\t\t\t\t\t<div class=\"wppsac-post-date\">\r\n\t\t\t\t\t\t \r\n\t\t\t\t\t\t<span>By spoerhase<\/span>\r\n\t\t\t\t\t\t \/ 25. April 2024\t\t\t\t\t<\/div>\r\n\t\t\t\t\t\t\t\t<div class=\"wppsac-post-content\">\r\n\t\t\t\t\t<div class=\"wppsac-sub-content\">Welttag des Buches Die Jahrg\u00e4nge 5 bis 13 der Stadtteilschulen aus dem S\u00fcden Hamburgs waren anl\u00e4sslich des Welttags des Buches...<\/div>\r\n\r\n\t\t\t\t\t\t\t\t\t\t<a class=\"wppsac-readmorebtn\" href=\"https:\/\/stuebi-hamburg.de\/stadtteilschule\/2024\/04\/25\/buchentdecker-tag-xxl\/\">Read More<\/a>\r\n\t\t\t\t\t\t\t\t\t<\/div>\r\n\t\t\t\t\t\t\t<\/div>\r\n\t\t<\/div>\r\n\t\t<div class=\"wppsac-post-image-bg\">\r\n\t\t\t<a href=\"https:\/\/stuebi-hamburg.de\/stadtteilschule\/2024\/04\/25\/buchentdecker-tag-xxl\/\">\r\n\t\t\t\t\t\t\t\t<img class=\"wppsac-post-image\"  src=\"https:\/\/stuebi-hamburg.de\/stadtteilschule\/wp-content\/blogs.dir\/2\/files\/2024\/04\/Buchentdeckertag.jpeg\" alt=\"BuchEntdecker-Tag XXL\" \/>\r\n\t\t\t\t\t\t\t<\/a>\r\n\t\t<\/div>\r\n\t<\/div>\r\n<\/div><div class=\"wppsac-post-slides\">\r\n\t<div class=\"wppsac-post-content-position\">\r\n\t\t<div class=\"wppsac-post-content-left wp-medium-6 wpcolumns\">\r\n\t\t\t<div class=\"wppsac-post-inner-content\">\r\n\t\t\t\t\t\t\t\t<div class=\"wppsac-post-categories\"><ul class=\"wppsac-post-categories-list\"><li><a href=\"https:\/\/stuebi-hamburg.de\/stadtteilschule\/category\/aktuelles\/\">Aktuelles<\/a><\/li><\/ul><\/div>\r\n\t\t\t\t\r\n\t\t\t\t<h2 class=\"wppsac-post-title\">\r\n\t\t\t\t\t<a href=\"https:\/\/stuebi-hamburg.de\/stadtteilschule\/2024\/04\/23\/abgekocht-ausflug-zum-bauernhof-mit-der-6a\/\">Abgekocht: Ausflug zum Bauernhof mit der 6a<\/a>\r\n\t\t\t\t<\/h2>\r\n\r\n\t\t\t\t\t\t\t\t\t<div class=\"wppsac-post-date\">\r\n\t\t\t\t\t\t \r\n\t\t\t\t\t\t<span>By spoerhase<\/span>\r\n\t\t\t\t\t\t \/ 23. April 2024\t\t\t\t\t<\/div>\r\n\t\t\t\t\t\t\t\t<div class=\"wppsac-post-content\">\r\n\t\t\t\t\t<div class=\"wppsac-sub-content\">Isabella, 6a. Ausflug zum Bauernhof Wenn man zum Bauernhof&nbsp;kommt, sieht man gleich die H\u00fchner, wenn man dann zum Zaun von...<\/div>\r\n\r\n\t\t\t\t\t\t\t\t\t\t<a class=\"wppsac-readmorebtn\" href=\"https:\/\/stuebi-hamburg.de\/stadtteilschule\/2024\/04\/23\/abgekocht-ausflug-zum-bauernhof-mit-der-6a\/\">Read More<\/a>\r\n\t\t\t\t\t\t\t\t\t<\/div>\r\n\t\t\t\t\t\t\t<\/div>\r\n\t\t<\/div>\r\n\t\t<div class=\"wppsac-post-image-bg\">\r\n\t\t\t<a href=\"https:\/\/stuebi-hamburg.de\/stadtteilschule\/2024\/04\/23\/abgekocht-ausflug-zum-bauernhof-mit-der-6a\/\">\r\n\t\t\t\t\t\t\t\t<img class=\"wppsac-post-image\"  src=\"https:\/\/stuebi-hamburg.de\/stadtteilschule\/wp-content\/blogs.dir\/2\/files\/2024\/04\/IMG_1926-scaled.jpeg\" alt=\"Abgekocht: Ausflug zum Bauernhof mit der 6a\" \/>\r\n\t\t\t\t\t\t\t<\/a>\r\n\t\t<\/div>\r\n\t<\/div>\r\n<\/div><div class=\"wppsac-post-slides\">\r\n\t<div class=\"wppsac-post-content-position\">\r\n\t\t<div class=\"wppsac-post-content-left wp-medium-6 wpcolumns\">\r\n\t\t\t<div class=\"wppsac-post-inner-content\">\r\n\t\t\t\t\t\t\t\t<div class=\"wppsac-post-categories\"><ul class=\"wppsac-post-categories-list\"><li><a href=\"https:\/\/stuebi-hamburg.de\/stadtteilschule\/category\/aktuelles\/\">Aktuelles<\/a><\/li><\/ul><\/div>\r\n\t\t\t\t\r\n\t\t\t\t<h2 class=\"wppsac-post-title\">\r\n\t\t\t\t\t<a href=\"https:\/\/stuebi-hamburg.de\/stadtteilschule\/2024\/04\/17\/saludos-desde-madrid-unsere-studienfahrt-nach-madrid-jg-13\/\">\u00a1Saludos desde Madrid! Unsere Studienfahrt nach Madrid \u2013 Jg. 13<\/a>\r\n\t\t\t\t<\/h2>\r\n\r\n\t\t\t\t\t\t\t\t\t<div class=\"wppsac-post-date\">\r\n\t\t\t\t\t\t \r\n\t\t\t\t\t\t<span>By spoerhase<\/span>\r\n\t\t\t\t\t\t \/ 17. April 2024\t\t\t\t\t<\/div>\r\n\t\t\t\t\t\t\t\t<div class=\"wppsac-post-content\">\r\n\t\t\t\t\t<div class=\"wppsac-sub-content\">Madrid... z\u00e4hlt zu den sch\u00f6nsten Metropolen Europas und gilt als besonders&nbsp;weltoffen und modern. Die Entscheidung in Jahrgang 13 war schnell...<\/div>\r\n\r\n\t\t\t\t\t\t\t\t\t\t<a class=\"wppsac-readmorebtn\" href=\"https:\/\/stuebi-hamburg.de\/stadtteilschule\/2024\/04\/17\/saludos-desde-madrid-unsere-studienfahrt-nach-madrid-jg-13\/\">Read More<\/a>\r\n\t\t\t\t\t\t\t\t\t<\/div>\r\n\t\t\t\t\t\t\t<\/div>\r\n\t\t<\/div>\r\n\t\t<div class=\"wppsac-post-image-bg\">\r\n\t\t\t<a href=\"https:\/\/stuebi-hamburg.de\/stadtteilschule\/2024\/04\/17\/saludos-desde-madrid-unsere-studienfahrt-nach-madrid-jg-13\/\">\r\n\t\t\t\t\t\t\t\t<img class=\"wppsac-post-image\"  src=\"https:\/\/stuebi-hamburg.de\/stadtteilschule\/wp-content\/blogs.dir\/2\/files\/2024\/04\/Studienfahrt_Madrid_Stuebenhofer-Weg-scaled.jpg\" alt=\"\u00a1Saludos desde Madrid! Unsere Studienfahrt nach Madrid \u2013 Jg. 13\" \/>\r\n\t\t\t\t\t\t\t<\/a>\r\n\t\t<\/div>\r\n\t<\/div>\r\n<\/div><div class=\"wppsac-post-slides\">\r\n\t<div class=\"wppsac-post-content-position\">\r\n\t\t<div class=\"wppsac-post-content-left wp-medium-6 wpcolumns\">\r\n\t\t\t<div class=\"wppsac-post-inner-content\">\r\n\t\t\t\t\t\t\t\t<div class=\"wppsac-post-categories\"><ul class=\"wppsac-post-categories-list\"><li><a href=\"https:\/\/stuebi-hamburg.de\/stadtteilschule\/category\/aktuelles\/\">Aktuelles<\/a><\/li><\/ul><\/div>\r\n\t\t\t\t\r\n\t\t\t\t<h2 class=\"wppsac-post-title\">\r\n\t\t\t\t\t<a href=\"https:\/\/stuebi-hamburg.de\/stadtteilschule\/2024\/04\/03\/mathe-sicher-koennen-wir-machen-mit\/\">Mathe sicher k\u00f6nnen, wir machen mit!<\/a>\r\n\t\t\t\t<\/h2>\r\n\r\n\t\t\t\t\t\t\t\t\t<div class=\"wppsac-post-date\">\r\n\t\t\t\t\t\t \r\n\t\t\t\t\t\t<span>By spoerhase<\/span>\r\n\t\t\t\t\t\t \/ 3. April 2024\t\t\t\t\t<\/div>\r\n\t\t\t\t\t\t\t\t<div class=\"wppsac-post-content\">\r\n\t\t\t\t\t<div class=\"wppsac-sub-content\">Worum geht es bei Mathe sicher k\u00f6nnen? Das Programm Mathe sicher k\u00f6nnen wurde in Hamburg vom Amt f\u00fcr Bildung und...<\/div>\r\n\r\n\t\t\t\t\t\t\t\t\t\t<a class=\"wppsac-readmorebtn\" href=\"https:\/\/stuebi-hamburg.de\/stadtteilschule\/2024\/04\/03\/mathe-sicher-koennen-wir-machen-mit\/\">Read More<\/a>\r\n\t\t\t\t\t\t\t\t\t<\/div>\r\n\t\t\t\t\t\t\t<\/div>\r\n\t\t<\/div>\r\n\t\t<div class=\"wppsac-post-image-bg\">\r\n\t\t\t<a href=\"https:\/\/stuebi-hamburg.de\/stadtteilschule\/2024\/04\/03\/mathe-sicher-koennen-wir-machen-mit\/\">\r\n\t\t\t\t\t\t\t\t<img class=\"wppsac-post-image\"  src=\"https:\/\/stuebi-hamburg.de\/stadtteilschule\/wp-content\/blogs.dir\/2\/files\/2024\/04\/mathe-sicher-koennen-neu--scaled.jpg\" alt=\"Mathe sicher k\u00f6nnen, wir machen mit!\" \/>\r\n\t\t\t\t\t\t\t<\/a>\r\n\t\t<\/div>\r\n\t<\/div>\r\n<\/div><div class=\"wppsac-post-slides\">\r\n\t<div class=\"wppsac-post-content-position\">\r\n\t\t<div class=\"wppsac-post-content-left wp-medium-6 wpcolumns\">\r\n\t\t\t<div class=\"wppsac-post-inner-content\">\r\n\t\t\t\t\t\t\t\t<div class=\"wppsac-post-categories\"><ul class=\"wppsac-post-categories-list\"><li><a href=\"https:\/\/stuebi-hamburg.de\/stadtteilschule\/category\/aktuelles\/\">Aktuelles<\/a><\/li><\/ul><\/div>\r\n\t\t\t\t\r\n\t\t\t\t<h2 class=\"wppsac-post-title\">\r\n\t\t\t\t\t<a href=\"https:\/\/stuebi-hamburg.de\/stadtteilschule\/2024\/02\/26\/davon-wollen-wir-mehr-sehen-das-theaterstueck-meister-der-deduktion-begeisterte-bei-der-premiere\/\">Davon wollen wir mehr sehen: Das Theaterst\u00fcck \u201eMeister der Deduktion\u201c begeisterte bei der Premiere<\/a>\r\n\t\t\t\t<\/h2>\r\n\r\n\t\t\t\t\t\t\t\t\t<div class=\"wppsac-post-date\">\r\n\t\t\t\t\t\t \r\n\t\t\t\t\t\t<span>By spoerhase<\/span>\r\n\t\t\t\t\t\t \/ 26. Februar 2024\t\t\t\t\t<\/div>\r\n\t\t\t\t\t\t\t\t<div class=\"wppsac-post-content\">\r\n\t\t\t\t\t<div class=\"wppsac-sub-content\">Unter der Leitung von Konstanze Dammann haben Sch\u00fclerinnen und Sch\u00fcler der 13ten Klasse vom St\u00fcbi und von der Stadtteilschule Wilhelmsburg...<\/div>\r\n\r\n\t\t\t\t\t\t\t\t\t\t<a class=\"wppsac-readmorebtn\" href=\"https:\/\/stuebi-hamburg.de\/stadtteilschule\/2024\/02\/26\/davon-wollen-wir-mehr-sehen-das-theaterstueck-meister-der-deduktion-begeisterte-bei-der-premiere\/\">Read More<\/a>\r\n\t\t\t\t\t\t\t\t\t<\/div>\r\n\t\t\t\t\t\t\t<\/div>\r\n\t\t<\/div>\r\n\t\t<div class=\"wppsac-post-image-bg\">\r\n\t\t\t<a href=\"https:\/\/stuebi-hamburg.de\/stadtteilschule\/2024\/02\/26\/davon-wollen-wir-mehr-sehen-das-theaterstueck-meister-der-deduktion-begeisterte-bei-der-premiere\/\">\r\n\t\t\t\t\t\t\t\t<img class=\"wppsac-post-image\"  src=\"https:\/\/stuebi-hamburg.de\/stadtteilschule\/wp-content\/blogs.dir\/2\/files\/2024\/03\/6aa4d387-37c1-459b-b70b-63482f6d4083.jpeg\" alt=\"Davon wollen wir mehr sehen: Das Theaterst\u00fcck \u201eMeister der Deduktion\u201c begeisterte bei der Premiere\" \/>\r\n\t\t\t\t\t\t\t<\/a>\r\n\t\t<\/div>\r\n\t<\/div>\r\n<\/div><div class=\"wppsac-post-slides\">\r\n\t<div class=\"wppsac-post-content-position\">\r\n\t\t<div class=\"wppsac-post-content-left wp-medium-6 wpcolumns\">\r\n\t\t\t<div class=\"wppsac-post-inner-content\">\r\n\t\t\t\t\t\t\t\t<div class=\"wppsac-post-categories\"><ul class=\"wppsac-post-categories-list\"><li><a href=\"https:\/\/stuebi-hamburg.de\/stadtteilschule\/category\/aktuelles\/\">Aktuelles<\/a><\/li><\/ul><\/div>\r\n\t\t\t\t\r\n\t\t\t\t<h2 class=\"wppsac-post-title\">\r\n\t\t\t\t\t<a href=\"https:\/\/stuebi-hamburg.de\/stadtteilschule\/2024\/02\/13\/formel-1-in-schools-wettbewerb-am-stuebi\/\">Formel 1 in schools Wettbewerb am St\u00fcbi<\/a>\r\n\t\t\t\t<\/h2>\r\n\r\n\t\t\t\t\t\t\t\t\t<div class=\"wppsac-post-date\">\r\n\t\t\t\t\t\t \r\n\t\t\t\t\t\t<span>By spoerhase<\/span>\r\n\t\t\t\t\t\t \/ 13. Februar 2024\t\t\t\t\t<\/div>\r\n\t\t\t\t\t\t\t\t<div class=\"wppsac-post-content\">\r\n\t\t\t\t\t<div class=\"wppsac-sub-content\">Am kommenden Samstag (17.2.) findet die Hamburger Meisterschaft im F1 in schools Wettbewerb bei uns am St\u00fcbi statt. Zu diesem...<\/div>\r\n\r\n\t\t\t\t\t\t\t\t\t\t<a class=\"wppsac-readmorebtn\" href=\"https:\/\/stuebi-hamburg.de\/stadtteilschule\/2024\/02\/13\/formel-1-in-schools-wettbewerb-am-stuebi\/\">Read More<\/a>\r\n\t\t\t\t\t\t\t\t\t<\/div>\r\n\t\t\t\t\t\t\t<\/div>\r\n\t\t<\/div>\r\n\t\t<div class=\"wppsac-post-image-bg\">\r\n\t\t\t<a href=\"https:\/\/stuebi-hamburg.de\/stadtteilschule\/2024\/02\/13\/formel-1-in-schools-wettbewerb-am-stuebi\/\">\r\n\t\t\t\t\t\t\t\t<img class=\"wppsac-post-image\"  src=\"https:\/\/stuebi-hamburg.de\/stadtteilschule\/wp-content\/blogs.dir\/2\/files\/2024\/02\/Formel1_Wettbewerb_Stuebi-scaled.jpg\" alt=\"Formel 1 in schools Wettbewerb am St\u00fcbi\" \/>\r\n\t\t\t\t\t\t\t<\/a>\r\n\t\t<\/div>\r\n\t<\/div>\r\n<\/div><div class=\"wppsac-post-slides\">\r\n\t<div class=\"wppsac-post-content-position\">\r\n\t\t<div class=\"wppsac-post-content-left wp-medium-6 wpcolumns\">\r\n\t\t\t<div class=\"wppsac-post-inner-content\">\r\n\t\t\t\t\t\t\t\t<div class=\"wppsac-post-categories\"><ul class=\"wppsac-post-categories-list\"><li><a href=\"https:\/\/stuebi-hamburg.de\/stadtteilschule\/category\/aktuelles\/\">Aktuelles<\/a><\/li><\/ul><\/div>\r\n\t\t\t\t\r\n\t\t\t\t<h2 class=\"wppsac-post-title\">\r\n\t\t\t\t\t<a href=\"https:\/\/stuebi-hamburg.de\/stadtteilschule\/2024\/01\/30\/stuebi-cup-2024-die-wettkaempfe-haben-begonnen\/\">St\u00fcbi-Cup 2024 \u2013 die Wettk\u00e4mpfe haben begonnen<\/a>\r\n\t\t\t\t<\/h2>\r\n\r\n\t\t\t\t\t\t\t\t\t<div class=\"wppsac-post-date\">\r\n\t\t\t\t\t\t \r\n\t\t\t\t\t\t<span>By spoerhase<\/span>\r\n\t\t\t\t\t\t \/ 30. Januar 2024\t\t\t\t\t<\/div>\r\n\t\t\t\t\t\t\t\t<div class=\"wppsac-post-content\">\r\n\t\t\t\t\t<div class=\"wppsac-sub-content\">Fotos: Malik und Carlo<\/div>\r\n\r\n\t\t\t\t\t\t\t\t\t\t<a class=\"wppsac-readmorebtn\" href=\"https:\/\/stuebi-hamburg.de\/stadtteilschule\/2024\/01\/30\/stuebi-cup-2024-die-wettkaempfe-haben-begonnen\/\">Read More<\/a>\r\n\t\t\t\t\t\t\t\t\t<\/div>\r\n\t\t\t\t\t\t\t<\/div>\r\n\t\t<\/div>\r\n\t\t<div class=\"wppsac-post-image-bg\">\r\n\t\t\t<a href=\"https:\/\/stuebi-hamburg.de\/stadtteilschule\/2024\/01\/30\/stuebi-cup-2024-die-wettkaempfe-haben-begonnen\/\">\r\n\t\t\t\t\t\t\t\t<img class=\"wppsac-post-image\"  src=\"https:\/\/stuebi-hamburg.de\/stadtteilschule\/wp-content\/blogs.dir\/2\/files\/2024\/01\/dcfe0af6-10ef-4c01-9dbe-cea2a76a3184-scaled.jpeg\" alt=\"St\u00fcbi-Cup 2024 \u2013 die Wettk\u00e4mpfe haben begonnen\" \/>\r\n\t\t\t\t\t\t\t<\/a>\r\n\t\t<\/div>\r\n\t<\/div>\r\n<\/div><div class=\"wppsac-post-slides\">\r\n\t<div class=\"wppsac-post-content-position\">\r\n\t\t<div class=\"wppsac-post-content-left wp-medium-6 wpcolumns\">\r\n\t\t\t<div class=\"wppsac-post-inner-content\">\r\n\t\t\t\t\t\t\t\t<div class=\"wppsac-post-categories\"><ul class=\"wppsac-post-categories-list\"><li><a href=\"https:\/\/stuebi-hamburg.de\/stadtteilschule\/category\/aktuelles\/\">Aktuelles<\/a><\/li><\/ul><\/div>\r\n\t\t\t\t\r\n\t\t\t\t<h2 class=\"wppsac-post-title\">\r\n\t\t\t\t\t<a href=\"https:\/\/stuebi-hamburg.de\/stadtteilschule\/2023\/12\/20\/unser-winterfest-2023\/\">Unser Winterfest 2023<\/a>\r\n\t\t\t\t<\/h2>\r\n\r\n\t\t\t\t\t\t\t\t\t<div class=\"wppsac-post-date\">\r\n\t\t\t\t\t\t \r\n\t\t\t\t\t\t<span>By spoerhase<\/span>\r\n\t\t\t\t\t\t \/ 20. Dezember 2023\t\t\t\t\t<\/div>\r\n\t\t\t\t\t\t\t\t<div class=\"wppsac-post-content\">\r\n\t\t\t\t\t<div class=\"wppsac-sub-content\">Ein Jahresabschluss, der uns viel Freude gemacht hat! Tradition seit Jahren \u2013 Sch\u00fcler\/innen, Kolleg\/innen, Eltern und Freunde sowie ehemalige Sch\u00fcler\/innen...<\/div>\r\n\r\n\t\t\t\t\t\t\t\t\t\t<a class=\"wppsac-readmorebtn\" href=\"https:\/\/stuebi-hamburg.de\/stadtteilschule\/2023\/12\/20\/unser-winterfest-2023\/\">Read More<\/a>\r\n\t\t\t\t\t\t\t\t\t<\/div>\r\n\t\t\t\t\t\t\t<\/div>\r\n\t\t<\/div>\r\n\t\t<div class=\"wppsac-post-image-bg\">\r\n\t\t\t<a href=\"https:\/\/stuebi-hamburg.de\/stadtteilschule\/2023\/12\/20\/unser-winterfest-2023\/\">\r\n\t\t\t\t\t\t\t\t<img class=\"wppsac-post-image\"  src=\"https:\/\/stuebi-hamburg.de\/stadtteilschule\/wp-content\/blogs.dir\/2\/files\/2023\/12\/23_Winterfest-Stuebi_01.jpg\" alt=\"Unser Winterfest 2023\" \/>\r\n\t\t\t\t\t\t\t<\/a>\r\n\t\t<\/div>\r\n\t<\/div>\r\n<\/div><div class=\"wppsac-post-slides\">\r\n\t<div class=\"wppsac-post-content-position\">\r\n\t\t<div class=\"wppsac-post-content-left wp-medium-6 wpcolumns\">\r\n\t\t\t<div class=\"wppsac-post-inner-content\">\r\n\t\t\t\t\t\t\t\t<div class=\"wppsac-post-categories\"><ul class=\"wppsac-post-categories-list\"><li><a href=\"https:\/\/stuebi-hamburg.de\/stadtteilschule\/category\/aktuelles\/\">Aktuelles<\/a><\/li><\/ul><\/div>\r\n\t\t\t\t\r\n\t\t\t\t<h2 class=\"wppsac-post-title\">\r\n\t\t\t\t\t<a href=\"https:\/\/stuebi-hamburg.de\/stadtteilschule\/2023\/12\/03\/unser-mint-tag-am-stuebi\/\">Der MINT-Tag am St\u00fcbi<\/a>\r\n\t\t\t\t<\/h2>\r\n\r\n\t\t\t\t\t\t\t\t\t<div class=\"wppsac-post-date\">\r\n\t\t\t\t\t\t \r\n\t\t\t\t\t\t<span>By spoerhase<\/span>\r\n\t\t\t\t\t\t \/ 3. Dezember 2023\t\t\t\t\t<\/div>\r\n\t\t\t\t\t\t\t\t<div class=\"wppsac-post-content\">\r\n\t\t\t\t\t<div class=\"wppsac-sub-content\">Am Donnerstag, den 23.11.2023 fand am St\u00fcbi der MINT-Tag statt.&nbsp; Um das volle Potenzial des Entdeckergeistes auszusch\u00f6pfen und der Neugier...<\/div>\r\n\r\n\t\t\t\t\t\t\t\t\t\t<a class=\"wppsac-readmorebtn\" href=\"https:\/\/stuebi-hamburg.de\/stadtteilschule\/2023\/12\/03\/unser-mint-tag-am-stuebi\/\">Read More<\/a>\r\n\t\t\t\t\t\t\t\t\t<\/div>\r\n\t\t\t\t\t\t\t<\/div>\r\n\t\t<\/div>\r\n\t\t<div class=\"wppsac-post-image-bg\">\r\n\t\t\t<a href=\"https:\/\/stuebi-hamburg.de\/stadtteilschule\/2023\/12\/03\/unser-mint-tag-am-stuebi\/\">\r\n\t\t\t\t\t\t\t\t<img class=\"wppsac-post-image\"  src=\"https:\/\/stuebi-hamburg.de\/stadtteilschule\/wp-content\/blogs.dir\/2\/files\/2023\/12\/IMG-20231123-WA0063.jpg\" alt=\"Der MINT-Tag am St\u00fcbi\" \/>\r\n\t\t\t\t\t\t\t<\/a>\r\n\t\t<\/div>\r\n\t<\/div>\r\n<\/div><div class=\"wppsac-post-slides\">\r\n\t<div class=\"wppsac-post-content-position\">\r\n\t\t<div class=\"wppsac-post-content-left wp-medium-6 wpcolumns\">\r\n\t\t\t<div class=\"wppsac-post-inner-content\">\r\n\t\t\t\t\t\t\t\t<div class=\"wppsac-post-categories\"><ul class=\"wppsac-post-categories-list\"><li><a href=\"https:\/\/stuebi-hamburg.de\/stadtteilschule\/category\/aktuelles\/\">Aktuelles<\/a><\/li><\/ul><\/div>\r\n\t\t\t\t\r\n\t\t\t\t<h2 class=\"wppsac-post-title\">\r\n\t\t\t\t\t<a href=\"https:\/\/stuebi-hamburg.de\/stadtteilschule\/2023\/11\/13\/lesewoche-und-vorlesewettbewerb\/\">Lesewoche und Vorlesewettbewerb<\/a>\r\n\t\t\t\t<\/h2>\r\n\r\n\t\t\t\t\t\t\t\t\t<div class=\"wppsac-post-date\">\r\n\t\t\t\t\t\t \r\n\t\t\t\t\t\t<span>By spoerhase<\/span>\r\n\t\t\t\t\t\t \/ 13. November 2023\t\t\t\t\t<\/div>\r\n\t\t\t\t\t\t\t\t<div class=\"wppsac-post-content\">\r\n\t\t\t\t\t<div class=\"wppsac-sub-content\">Am Freitag, den 10.11.2023 fand am St\u00fcbi der Vorlesewettbewerb f\u00fcr die zweiten bis vierten Klassen statt. In jedem Jahrgang traten...<\/div>\r\n\r\n\t\t\t\t\t\t\t\t\t\t<a class=\"wppsac-readmorebtn\" href=\"https:\/\/stuebi-hamburg.de\/stadtteilschule\/2023\/11\/13\/lesewoche-und-vorlesewettbewerb\/\">Read More<\/a>\r\n\t\t\t\t\t\t\t\t\t<\/div>\r\n\t\t\t\t\t\t\t<\/div>\r\n\t\t<\/div>\r\n\t\t<div class=\"wppsac-post-image-bg\">\r\n\t\t\t<a href=\"https:\/\/stuebi-hamburg.de\/stadtteilschule\/2023\/11\/13\/lesewoche-und-vorlesewettbewerb\/\">\r\n\t\t\t\t\t\t\t\t<img class=\"wppsac-post-image\"  src=\"https:\/\/stuebi-hamburg.de\/stadtteilschule\/wp-content\/blogs.dir\/2\/files\/2023\/11\/Vorlesewettbewerb_Stuebi_2023.png\" alt=\"Lesewoche und Vorlesewettbewerb\" \/>\r\n\t\t\t\t\t\t\t<\/a>\r\n\t\t<\/div>\r\n\t<\/div>\r\n<\/div><div class=\"wppsac-post-slides\">\r\n\t<div class=\"wppsac-post-content-position\">\r\n\t\t<div class=\"wppsac-post-content-left wp-medium-6 wpcolumns\">\r\n\t\t\t<div class=\"wppsac-post-inner-content\">\r\n\t\t\t\t\t\t\t\t<div class=\"wppsac-post-categories\"><ul class=\"wppsac-post-categories-list\"><li><a href=\"https:\/\/stuebi-hamburg.de\/stadtteilschule\/category\/aktuelles\/\">Aktuelles<\/a><\/li><\/ul><\/div>\r\n\t\t\t\t\r\n\t\t\t\t<h2 class=\"wppsac-post-title\">\r\n\t\t\t\t\t<a href=\"https:\/\/stuebi-hamburg.de\/stadtteilschule\/2023\/11\/01\/lichterfest-mit-laternenumzug-am-06-11-23\/\">Lichterfest mit Laternenumzug am 06.11.23<\/a>\r\n\t\t\t\t<\/h2>\r\n\r\n\t\t\t\t\t\t\t\t\t<div class=\"wppsac-post-date\">\r\n\t\t\t\t\t\t \r\n\t\t\t\t\t\t<span>By spoerhase<\/span>\r\n\t\t\t\t\t\t \/ 1. November 2023\t\t\t\t\t<\/div>\r\n\t\t\t\t\t\t\t\t<div class=\"wppsac-post-content\">\r\n\t\t\t\t\t<div class=\"wppsac-sub-content\">Lichterfest mit Laternenumzug am 06.11.23 Am Montag, den 06.11.23 treffen sich die Kita Kirchdorfer Stra\u00dfe und die Schule St\u00fcbenhofer Weg...<\/div>\r\n\r\n\t\t\t\t\t\t\t\t\t\t<a class=\"wppsac-readmorebtn\" href=\"https:\/\/stuebi-hamburg.de\/stadtteilschule\/2023\/11\/01\/lichterfest-mit-laternenumzug-am-06-11-23\/\">Read More<\/a>\r\n\t\t\t\t\t\t\t\t\t<\/div>\r\n\t\t\t\t\t\t\t<\/div>\r\n\t\t<\/div>\r\n\t\t<div class=\"wppsac-post-image-bg\">\r\n\t\t\t<a href=\"https:\/\/stuebi-hamburg.de\/stadtteilschule\/2023\/11\/01\/lichterfest-mit-laternenumzug-am-06-11-23\/\">\r\n\t\t\t\t\t\t\t\t<img class=\"wppsac-post-image\"  src=\"https:\/\/stuebi-hamburg.de\/stadtteilschule\/wp-content\/blogs.dir\/2\/files\/2023\/11\/Beitrag_Lichterfest_Stuebenhofer_Weg_2023.png\" alt=\"Lichterfest mit Laternenumzug am 06.11.23\" \/>\r\n\t\t\t\t\t\t\t<\/a>\r\n\t\t<\/div>\r\n\t<\/div>\r\n<\/div><div class=\"wppsac-post-slides\">\r\n\t<div class=\"wppsac-post-content-position\">\r\n\t\t<div class=\"wppsac-post-content-left wp-medium-6 wpcolumns\">\r\n\t\t\t<div class=\"wppsac-post-inner-content\">\r\n\t\t\t\t\t\t\t\t<div class=\"wppsac-post-categories\"><ul class=\"wppsac-post-categories-list\"><li><a href=\"https:\/\/stuebi-hamburg.de\/stadtteilschule\/category\/aktuelles\/\">Aktuelles<\/a><\/li><\/ul><\/div>\r\n\t\t\t\t\r\n\t\t\t\t<h2 class=\"wppsac-post-title\">\r\n\t\t\t\t\t<a href=\"https:\/\/stuebi-hamburg.de\/stadtteilschule\/2023\/08\/25\/wir-feiern-unsere-vielfalt-kulturfest-am-stuebi\/\">Wir feiern unsere Vielfalt \u2013 Kulturfest am St\u00fcbi<\/a>\r\n\t\t\t\t<\/h2>\r\n\r\n\t\t\t\t\t\t\t\t\t<div class=\"wppsac-post-date\">\r\n\t\t\t\t\t\t \r\n\t\t\t\t\t\t<span>By spoerhase<\/span>\r\n\t\t\t\t\t\t \/ 25. August 2023\t\t\t\t\t<\/div>\r\n\t\t\t\t\t\t\t\t<div class=\"wppsac-post-content\">\r\n\t\t\t\t\t<div class=\"wppsac-sub-content\">Wer sind die Menschen hinter den 30 an unserer Schule gesprochenen Sprachen? Unsere Sch\u00fclerschaft ist mehrsprachig und heterogen. Unsere Schule...<\/div>\r\n\r\n\t\t\t\t\t\t\t\t\t\t<a class=\"wppsac-readmorebtn\" href=\"https:\/\/stuebi-hamburg.de\/stadtteilschule\/2023\/08\/25\/wir-feiern-unsere-vielfalt-kulturfest-am-stuebi\/\">Read More<\/a>\r\n\t\t\t\t\t\t\t\t\t<\/div>\r\n\t\t\t\t\t\t\t<\/div>\r\n\t\t<\/div>\r\n\t\t<div class=\"wppsac-post-image-bg\">\r\n\t\t\t<a href=\"https:\/\/stuebi-hamburg.de\/stadtteilschule\/2023\/08\/25\/wir-feiern-unsere-vielfalt-kulturfest-am-stuebi\/\">\r\n\t\t\t\t\t\t\t\t<img class=\"wppsac-post-image\"  src=\"https:\/\/stuebi-hamburg.de\/stadtteilschule\/wp-content\/blogs.dir\/2\/files\/2023\/08\/IMG_3501-scaled.jpeg\" alt=\"Wir feiern unsere Vielfalt \u2013 Kulturfest am St\u00fcbi\" \/>\r\n\t\t\t\t\t\t\t<\/a>\r\n\t\t<\/div>\r\n\t<\/div>\r\n<\/div><div class=\"wppsac-post-slides\">\r\n\t<div class=\"wppsac-post-content-position\">\r\n\t\t<div class=\"wppsac-post-content-left wp-medium-6 wpcolumns\">\r\n\t\t\t<div class=\"wppsac-post-inner-content\">\r\n\t\t\t\t\t\t\t\t<div class=\"wppsac-post-categories\"><ul class=\"wppsac-post-categories-list\"><li><a href=\"https:\/\/stuebi-hamburg.de\/stadtteilschule\/category\/aktuelles\/\">Aktuelles<\/a><\/li><\/ul><\/div>\r\n\t\t\t\t\r\n\t\t\t\t<h2 class=\"wppsac-post-title\">\r\n\t\t\t\t\t<a href=\"https:\/\/stuebi-hamburg.de\/stadtteilschule\/2023\/06\/30\/10-000e-fuer-deutschlands-neue-grips-giganten\/\">10.000\u20ac f\u00fcr Deutschlands neue Grips-Giganten<\/a>\r\n\t\t\t\t<\/h2>\r\n\r\n\t\t\t\t\t\t\t\t\t<div class=\"wppsac-post-date\">\r\n\t\t\t\t\t\t \r\n\t\t\t\t\t\t<span>By spoerhase<\/span>\r\n\t\t\t\t\t\t \/ 30. Juni 2023\t\t\t\t\t<\/div>\r\n\t\t\t\t\t\t\t\t<div class=\"wppsac-post-content\">\r\n\t\t\t\t\t<div class=\"wppsac-sub-content\">Beim Schul-Quiz der IdeenExpo haben unsere Sch\u00fcler\/innen aus Jahrgang 9 und Jahrgang 11 \u2013 10.000 EUR abger\u00e4umt. Bei einem MINT-Quiz...<\/div>\r\n\r\n\t\t\t\t\t\t\t\t\t\t<a class=\"wppsac-readmorebtn\" href=\"https:\/\/stuebi-hamburg.de\/stadtteilschule\/2023\/06\/30\/10-000e-fuer-deutschlands-neue-grips-giganten\/\">Read More<\/a>\r\n\t\t\t\t\t\t\t\t\t<\/div>\r\n\t\t\t\t\t\t\t<\/div>\r\n\t\t<\/div>\r\n\t\t<div class=\"wppsac-post-image-bg\">\r\n\t\t\t<a href=\"https:\/\/stuebi-hamburg.de\/stadtteilschule\/2023\/06\/30\/10-000e-fuer-deutschlands-neue-grips-giganten\/\">\r\n\t\t\t\t\t\t\t\t<img class=\"wppsac-post-image\"  src=\"https:\/\/stuebi-hamburg.de\/stadtteilschule\/wp-content\/blogs.dir\/2\/files\/2023\/07\/GripsGiganten_Stuebi.jpg\" alt=\"10.000\u20ac f\u00fcr Deutschlands neue Grips-Giganten\" \/>\r\n\t\t\t\t\t\t\t<\/a>\r\n\t\t<\/div>\r\n\t<\/div>\r\n<\/div><div class=\"wppsac-post-slides\">\r\n\t<div class=\"wppsac-post-content-position\">\r\n\t\t<div class=\"wppsac-post-content-left wp-medium-6 wpcolumns\">\r\n\t\t\t<div class=\"wppsac-post-inner-content\">\r\n\t\t\t\t\t\t\t\t<div class=\"wppsac-post-categories\"><ul class=\"wppsac-post-categories-list\"><li><a href=\"https:\/\/stuebi-hamburg.de\/stadtteilschule\/category\/aktuelles\/\">Aktuelles<\/a><\/li><\/ul><\/div>\r\n\t\t\t\t\r\n\t\t\t\t<h2 class=\"wppsac-post-title\">\r\n\t\t\t\t\t<a href=\"https:\/\/stuebi-hamburg.de\/stadtteilschule\/2023\/05\/30\/kostenloses-schulfruehstueck-vor-unterrichtsbeginn-mit-brotzeit-e-v\/\">Kostenloses Schulfr\u00fchst\u00fcck vor Unterrichtsbeginn mit brotZEIT e.V.<\/a>\r\n\t\t\t\t<\/h2>\r\n\r\n\t\t\t\t\t\t\t\t\t<div class=\"wppsac-post-date\">\r\n\t\t\t\t\t\t \r\n\t\t\t\t\t\t<span>By spoerhase<\/span>\r\n\t\t\t\t\t\t \/ 30. Mai 2023\t\t\t\t\t<\/div>\r\n\t\t\t\t\t\t\t\t<div class=\"wppsac-post-content\">\r\n\t\t\t\t\t<div class=\"wppsac-sub-content\">Einladung an alle Sch\u00fcler\/innen unserer Schule (Vorschule bis Jg. 6) zum kostenlosen Schulfr\u00fchst\u00fcck Seid ihr dabei? Dann kommt doch vor...<\/div>\r\n\r\n\t\t\t\t\t\t\t\t\t\t<a class=\"wppsac-readmorebtn\" href=\"https:\/\/stuebi-hamburg.de\/stadtteilschule\/2023\/05\/30\/kostenloses-schulfruehstueck-vor-unterrichtsbeginn-mit-brotzeit-e-v\/\">Read More<\/a>\r\n\t\t\t\t\t\t\t\t\t<\/div>\r\n\t\t\t\t\t\t\t<\/div>\r\n\t\t<\/div>\r\n\t\t<div class=\"wppsac-post-image-bg\">\r\n\t\t\t<a href=\"https:\/\/stuebi-hamburg.de\/stadtteilschule\/2023\/05\/30\/kostenloses-schulfruehstueck-vor-unterrichtsbeginn-mit-brotzeit-e-v\/\">\r\n\t\t\t\t\t\t\t\t<img class=\"wppsac-post-image\"  src=\"https:\/\/stuebi-hamburg.de\/stadtteilschule\/wp-content\/blogs.dir\/2\/files\/2023\/05\/brotzeit_stuebi-1.png\" alt=\"Kostenloses Schulfr\u00fchst\u00fcck vor Unterrichtsbeginn mit brotZEIT e.V.\" \/>\r\n\t\t\t\t\t\t\t<\/a>\r\n\t\t<\/div>\r\n\t<\/div>\r\n<\/div><div class=\"wppsac-post-slides\">\r\n\t<div class=\"wppsac-post-content-position\">\r\n\t\t<div class=\"wppsac-post-content-left wp-medium-6 wpcolumns\">\r\n\t\t\t<div class=\"wppsac-post-inner-content\">\r\n\t\t\t\t\t\t\t\t<div class=\"wppsac-post-categories\"><ul class=\"wppsac-post-categories-list\"><li><a href=\"https:\/\/stuebi-hamburg.de\/stadtteilschule\/category\/aktuelles\/\">Aktuelles<\/a><\/li><\/ul><\/div>\r\n\t\t\t\t\r\n\t\t\t\t<h2 class=\"wppsac-post-title\">\r\n\t\t\t\t\t<a href=\"https:\/\/stuebi-hamburg.de\/stadtteilschule\/2022\/08\/31\/schulstart-im-neuen-grundschulgebaeude\/\">Schulstart im neuen Grundschulgeb\u00e4ude<\/a>\r\n\t\t\t\t<\/h2>\r\n\r\n\t\t\t\t\t\t\t\t\t<div class=\"wppsac-post-date\">\r\n\t\t\t\t\t\t \r\n\t\t\t\t\t\t<span>By spoerhase<\/span>\r\n\t\t\t\t\t\t \/ 31. August 2022\t\t\t\t\t<\/div>\r\n\t\t\t\t\t\t\t\t<div class=\"wppsac-post-content\">\r\n\t\t\t\t\t<div class=\"wppsac-sub-content\">Lange haben wir gewartet! Seit diesem Schuljahr ist der Neubau unseres Grundschulgeb\u00e4udes endlich fertig und die Sch\u00fcler\/innen, Kollegen\/innen und die...<\/div>\r\n\r\n\t\t\t\t\t\t\t\t\t\t<a class=\"wppsac-readmorebtn\" href=\"https:\/\/stuebi-hamburg.de\/stadtteilschule\/2022\/08\/31\/schulstart-im-neuen-grundschulgebaeude\/\">Read More<\/a>\r\n\t\t\t\t\t\t\t\t\t<\/div>\r\n\t\t\t\t\t\t\t<\/div>\r\n\t\t<\/div>\r\n\t\t<div class=\"wppsac-post-image-bg\">\r\n\t\t\t<a href=\"https:\/\/stuebi-hamburg.de\/stadtteilschule\/2022\/08\/31\/schulstart-im-neuen-grundschulgebaeude\/\">\r\n\t\t\t\t\t\t\t\t<img class=\"wppsac-post-image\"  src=\"https:\/\/stuebi-hamburg.de\/stadtteilschule\/wp-content\/blogs.dir\/2\/files\/2022\/08\/IMG_20220818_080455-2-scaled.jpg\" alt=\"Schulstart im neuen Grundschulgeb\u00e4ude\" \/>\r\n\t\t\t\t\t\t\t<\/a>\r\n\t\t<\/div>\r\n\t<\/div>\r\n<\/div><div class=\"wppsac-post-slides\">\r\n\t<div class=\"wppsac-post-content-position\">\r\n\t\t<div class=\"wppsac-post-content-left wp-medium-6 wpcolumns\">\r\n\t\t\t<div class=\"wppsac-post-inner-content\">\r\n\t\t\t\t\t\t\t\t<div class=\"wppsac-post-categories\"><ul class=\"wppsac-post-categories-list\"><li><a href=\"https:\/\/stuebi-hamburg.de\/stadtteilschule\/category\/aktuelles\/\">Aktuelles<\/a><\/li><\/ul><\/div>\r\n\t\t\t\t\r\n\t\t\t\t<h2 class=\"wppsac-post-title\">\r\n\t\t\t\t\t<a href=\"https:\/\/stuebi-hamburg.de\/stadtteilschule\/2022\/08\/28\/klaenge-aus-afrika-zur-einschulung-unserer-vorschule-und-1-klasse\/\">Kl\u00e4nge aus Afrika zur Einschulung unserer Vorschule und 1. Klasse<\/a>\r\n\t\t\t\t<\/h2>\r\n\r\n\t\t\t\t\t\t\t\t\t<div class=\"wppsac-post-date\">\r\n\t\t\t\t\t\t \r\n\t\t\t\t\t\t<span>By spoerhase<\/span>\r\n\t\t\t\t\t\t \/ 28. August 2022\t\t\t\t\t<\/div>\r\n\t\t\t\t\t\t\t\t<div class=\"wppsac-post-content\">\r\n\t\t\t\t\t<div class=\"wppsac-sub-content\">Mit Standing Ovations und viel Applaus ging dieser Einschulungsnachmittag unserer neuen Vorschule und 1. Klasse zu Ende. Zur Einschulungsfeier hat...<\/div>\r\n\r\n\t\t\t\t\t\t\t\t\t\t<a class=\"wppsac-readmorebtn\" href=\"https:\/\/stuebi-hamburg.de\/stadtteilschule\/2022\/08\/28\/klaenge-aus-afrika-zur-einschulung-unserer-vorschule-und-1-klasse\/\">Read More<\/a>\r\n\t\t\t\t\t\t\t\t\t<\/div>\r\n\t\t\t\t\t\t\t<\/div>\r\n\t\t<\/div>\r\n\t\t<div class=\"wppsac-post-image-bg\">\r\n\t\t\t<a href=\"https:\/\/stuebi-hamburg.de\/stadtteilschule\/2022\/08\/28\/klaenge-aus-afrika-zur-einschulung-unserer-vorschule-und-1-klasse\/\">\r\n\t\t\t\t\t\t\t\t<img class=\"wppsac-post-image\"  src=\"https:\/\/stuebi-hamburg.de\/stadtteilschule\/wp-content\/blogs.dir\/2\/files\/2022\/08\/5Y4A0048-scaled.jpg\" alt=\"Kl\u00e4nge aus Afrika zur Einschulung unserer Vorschule und 1. Klasse\" \/>\r\n\t\t\t\t\t\t\t<\/a>\r\n\t\t<\/div>\r\n\t<\/div>\r\n<\/div><div class=\"wppsac-post-slides\">\r\n\t<div class=\"wppsac-post-content-position\">\r\n\t\t<div class=\"wppsac-post-content-left wp-medium-6 wpcolumns\">\r\n\t\t\t<div class=\"wppsac-post-inner-content\">\r\n\t\t\t\t\t\t\t\t<div class=\"wppsac-post-categories\"><ul class=\"wppsac-post-categories-list\"><li><a href=\"https:\/\/stuebi-hamburg.de\/stadtteilschule\/category\/aktuelles\/\">Aktuelles<\/a><\/li><\/ul><\/div>\r\n\t\t\t\t\r\n\t\t\t\t<h2 class=\"wppsac-post-title\">\r\n\t\t\t\t\t<a href=\"https:\/\/stuebi-hamburg.de\/stadtteilschule\/2021\/01\/05\/teaser-wie-sieht-der-schulalltag-am-stuebenhofer-weg-aus\/\">Imagevideo unserer Sch\u00fclerfirma Medienst\u00fcbi<\/a>\r\n\t\t\t\t<\/h2>\r\n\r\n\t\t\t\t\t\t\t\t\t<div class=\"wppsac-post-date\">\r\n\t\t\t\t\t\t \r\n\t\t\t\t\t\t<span>By spoerhase<\/span>\r\n\t\t\t\t\t\t \/ 5. Januar 2021\t\t\t\t\t<\/div>\r\n\t\t\t\t\t\t\t\t<div class=\"wppsac-post-content\">\r\n\t\t\t\t\t<div class=\"wppsac-sub-content\">Eine Medien-St\u00fcbi Produktion in Kooperation mit der Beats basteln AG Welchen Blickwinkel haben unsere Sch\u00fcler auf unsere Schule? Und wie...<\/div>\r\n\r\n\t\t\t\t\t\t\t\t\t\t<a class=\"wppsac-readmorebtn\" href=\"https:\/\/stuebi-hamburg.de\/stadtteilschule\/2021\/01\/05\/teaser-wie-sieht-der-schulalltag-am-stuebenhofer-weg-aus\/\">Read More<\/a>\r\n\t\t\t\t\t\t\t\t\t<\/div>\r\n\t\t\t\t\t\t\t<\/div>\r\n\t\t<\/div>\r\n\t\t<div class=\"wppsac-post-image-bg\">\r\n\t\t\t<a href=\"https:\/\/stuebi-hamburg.de\/stadtteilschule\/2021\/01\/05\/teaser-wie-sieht-der-schulalltag-am-stuebenhofer-weg-aus\/\">\r\n\t\t\t\t\t\t\t\t<img class=\"wppsac-post-image\"  src=\"https:\/\/stuebi-hamburg.de\/stadtteilschule\/wp-content\/blogs.dir\/2\/files\/2021\/01\/Bildschirmfoto-2021-01-05-um-10.40.11.png\" alt=\"Imagevideo unserer Sch\u00fclerfirma Medienst\u00fcbi\" \/>\r\n\t\t\t\t\t\t\t<\/a>\r\n\t\t<\/div>\r\n\t<\/div>\r\n<\/div><div class=\"wppsac-post-slides\">\r\n\t<div class=\"wppsac-post-content-position\">\r\n\t\t<div class=\"wppsac-post-content-left wp-medium-6 wpcolumns\">\r\n\t\t\t<div class=\"wppsac-post-inner-content\">\r\n\t\t\t\t\t\t\t\t<div class=\"wppsac-post-categories\"><ul class=\"wppsac-post-categories-list\"><li><a href=\"https:\/\/stuebi-hamburg.de\/stadtteilschule\/category\/aktuelles\/\">Aktuelles<\/a><\/li><\/ul><\/div>\r\n\t\t\t\t\r\n\t\t\t\t<h2 class=\"wppsac-post-title\">\r\n\t\t\t\t\t<a href=\"https:\/\/stuebi-hamburg.de\/stadtteilschule\/2026\/01\/08\/wichtig-unterrichtsregelung-fuer-freitag-09-01-2026-aufgrund-extremer-wetterlage\/\">WICHTIG: Unterrichtsregelung f\u00fcr Freitag, 09.01.2026 aufgrund extremer Wetterlage<\/a>\r\n\t\t\t\t<\/h2>\r\n\r\n\t\t\t\t\t\t\t\t\t<div class=\"wppsac-post-date\">\r\n\t\t\t\t\t\t \r\n\t\t\t\t\t\t<span>By spoerhase<\/span>\r\n\t\t\t\t\t\t \/ 8. Januar 2026\t\t\t\t\t<\/div>\r\n\t\t\t\t\t\t\t\t<div class=\"wppsac-post-content\">\r\n\t\t\t\t\t<div class=\"wppsac-sub-content\">Liebe Eltern, liebe Erziehungsberechtigte, wir haben soeben ein Schreiben der Beh\u00f6rde f\u00fcr Schule und Berufsbildung (BSFB) erhalten. Aufgrund der f\u00fcr...<\/div>\r\n\r\n\t\t\t\t\t\t\t\t\t\t<a class=\"wppsac-readmorebtn\" href=\"https:\/\/stuebi-hamburg.de\/stadtteilschule\/2026\/01\/08\/wichtig-unterrichtsregelung-fuer-freitag-09-01-2026-aufgrund-extremer-wetterlage\/\">Read More<\/a>\r\n\t\t\t\t\t\t\t\t\t<\/div>\r\n\t\t\t\t\t\t\t<\/div>\r\n\t\t<\/div>\r\n\t\t<div class=\"wppsac-post-image-bg\">\r\n\t\t\t<a href=\"https:\/\/stuebi-hamburg.de\/stadtteilschule\/2026\/01\/08\/wichtig-unterrichtsregelung-fuer-freitag-09-01-2026-aufgrund-extremer-wetterlage\/\">\r\n\t\t\t\t\t\t\t\t<img class=\"wppsac-post-image\"  src=\"https:\/\/stuebi-hamburg.de\/stadtteilschule\/wp-content\/blogs.dir\/2\/files\/2026\/01\/Schnee_schulfrei-scaled.jpg\" alt=\"WICHTIG: Unterrichtsregelung f\u00fcr Freitag, 09.01.2026 aufgrund extremer Wetterlage\" \/>\r\n\t\t\t\t\t\t\t<\/a>\r\n\t\t<\/div>\r\n\t<\/div>\r\n<\/div>\t\t\t<\/div>\r\n\t\t<\/div>\r\n\t\n\n\n\n<div style=\"height:30px\" aria-hidden=\"true\" class=\"wp-block-spacer\"><\/div>\n\n\n\n<p>Respekt und Toleranz: In allen Klassenstufen schaffen wir ein Klima des Respekts und der Toleranz. Klare Strukturen und klare Ansagen sind bei uns Mittel zur Integration. Wir sind \u00fcberzeugt, dass alle Sch\u00fclerinnen und Sch\u00fcler der Schule St\u00fcbenhofer Weg etwas erreichen k\u00f6nnen. Dies ist unser p\u00e4dagogisches Selbstverst\u00e4ndnis und Herausforderung zu gleich.<\/p>\n\n\n\n<div style=\"height:10px\" aria-hidden=\"true\" class=\"wp-block-spacer\"><\/div>\n\n\n\n<hr class=\"wp-block-separator\" \/>\n\n\n\n<div style=\"height:10px\" aria-hidden=\"true\" class=\"wp-block-spacer\"><\/div>\n\n\n\n<div class=\"wp-block-columns\">\n<div class=\"wp-block-column\">\n<figure class=\"wp-block-image size-large\"><a href=\"https:\/\/stuebi-makerspace.de\"><img loading=\"lazy\" width=\"317\" height=\"240\" src=\"https:\/\/stuebi-hamburg.de\/stadtteilschule\/wp-content\/blogs.dir\/2\/files\/2024\/12\/cropped-stbi-makerspace_sw.jpeg\" alt=\"\" class=\"wp-image-15039\" \/><\/a><\/figure>\n<\/div>\n\n\n\n<div class=\"wp-block-column\">\n<figure class=\"wp-block-image size-large\"><img loading=\"lazy\" width=\"652\" height=\"652\" src=\"https:\/\/stuebi-hamburg.de\/stadtteilschule\/wp-content\/blogs.dir\/2\/files\/2022\/06\/9261D9CB-1622-42AC-87F3-F551F71EE2E3.jpeg\" alt=\"\" class=\"wp-image-12538\" srcset=\"https:\/\/stuebi-hamburg.de\/stadtteilschule\/wp-content\/blogs.dir\/2\/files\/2022\/06\/9261D9CB-1622-42AC-87F3-F551F71EE2E3.jpeg 652w, https:\/\/stuebi-hamburg.de\/stadtteilschule\/wp-content\/blogs.dir\/2\/files\/2022\/06\/9261D9CB-1622-42AC-87F3-F551F71EE2E3-440x440.jpeg 440w\" sizes=\"(max-width: 652px) 100vw, 652px\" \/><\/figure>\n<\/div>\n\n\n\n<div class=\"wp-block-column\">\n<figure class=\"wp-block-image size-large\"><img loading=\"lazy\" width=\"784\" height=\"784\" src=\"https:\/\/stuebi-hamburg.de\/stadtteilschule\/wp-content\/blogs.dir\/2\/files\/2024\/04\/Mathe-sicher-koennen-logo-gross-jpg-1.jpg\" alt=\"\" class=\"wp-image-14382\" srcset=\"https:\/\/stuebi-hamburg.de\/stadtteilschule\/wp-content\/blogs.dir\/2\/files\/2024\/04\/Mathe-sicher-koennen-logo-gross-jpg-1.jpg 784w, https:\/\/stuebi-hamburg.de\/stadtteilschule\/wp-content\/blogs.dir\/2\/files\/2024\/04\/Mathe-sicher-koennen-logo-gross-jpg-1-440x440.jpg 440w\" sizes=\"(max-width: 784px) 100vw, 784px\" \/><\/figure>\n<\/div>\n\n\n\n<div class=\"wp-block-column\">\n<figure class=\"wp-block-image size-large\"><img loading=\"lazy\" width=\"439\" height=\"416\" src=\"https:\/\/stuebi-hamburg.de\/stadtteilschule\/wp-content\/blogs.dir\/2\/files\/2022\/11\/20220906_163514-1.jpg\" alt=\"\" class=\"wp-image-12999\" \/><\/figure>\n<\/div>\n\n\n\n<div class=\"wp-block-column\">\n<figure class=\"wp-block-image size-large\"><img loading=\"lazy\" width=\"200\" height=\"200\" src=\"https:\/\/stuebi-hamburg.de\/stadtteilschule\/wp-content\/blogs.dir\/2\/files\/2021\/11\/Tusch_TS.jpg\" alt=\"\" class=\"wp-image-11709\" \/><\/figure>\n<\/div>\n<\/div>\n\n\n\n<div style=\"height:20px\" aria-hidden=\"true\" class=\"wp-block-spacer\"><\/div>\n\n\n\n<div class=\"wp-block-columns\">\n<div class=\"wp-block-column\">\n<figure class=\"wp-block-image size-large\"><img loading=\"lazy\" width=\"200\" height=\"200\" src=\"https:\/\/stuebi-hamburg.de\/stadtteilschule\/wp-content\/blogs.dir\/2\/files\/2021\/11\/starkeSchulen_rahmen.jpg\" alt=\"\" class=\"wp-image-11725\" \/><\/figure>\n<\/div>\n\n\n\n<div class=\"wp-block-column\">\n<figure class=\"wp-block-image size-large\"><img loading=\"lazy\" width=\"200\" height=\"200\" src=\"https:\/\/stuebi-hamburg.de\/stadtteilschule\/wp-content\/blogs.dir\/2\/files\/2021\/11\/mentoren_rahmen.jpg\" alt=\"\" class=\"wp-image-11723\" \/><\/figure>\n<\/div>\n\n\n\n<div class=\"wp-block-column\">\n<figure class=\"wp-block-image size-large\"><img loading=\"lazy\" width=\"200\" height=\"200\" src=\"https:\/\/stuebi-hamburg.de\/stadtteilschule\/wp-content\/blogs.dir\/2\/files\/2021\/10\/mitsprache_outline-1.jpg\" alt=\"\" class=\"wp-image-11705\" \/><\/figure>\n<\/div>\n\n\n\n<div class=\"wp-block-column\">\n<figure class=\"wp-block-image size-large\"><img loading=\"lazy\" width=\"200\" height=\"200\" src=\"https:\/\/stuebi-hamburg.de\/stadtteilschule\/wp-content\/blogs.dir\/2\/files\/2021\/11\/luetting_rahmen.jpg\" alt=\"\" class=\"wp-image-11730\" \/><\/figure>\n<\/div>\n\n\n\n<div class=\"wp-block-column\">\n<figure class=\"wp-block-image size-large\"><img loading=\"lazy\" width=\"200\" height=\"200\" src=\"https:\/\/stuebi-hamburg.de\/stadtteilschule\/wp-content\/blogs.dir\/2\/files\/2021\/11\/nordmetallcup_rahmen.jpg\" alt=\"\" class=\"wp-image-11731\" \/><\/figure>\n<\/div>\n<\/div>\n\n\n\n<hr class=\"wp-block-separator\" \/>\n\n\n\n<div style=\"height:30px\" aria-hidden=\"true\" class=\"wp-block-spacer\"><\/div>\n\n\n\n<div style=\"height:20px\" aria-hidden=\"true\" class=\"wp-block-spacer\"><\/div>\n","protected":false},"excerpt":{"rendered":"<p>Wir freuen uns, dass Sie den Weg auf unsere Webseite gefunden haben. Respekt und Toleranz: In allen Klassenstufen schaffen wir ein Klima des Respekts und der Toleranz. Klare Strukturen und klare Ansagen sind bei uns Mittel zur Integration. Wir sind &hellip; <a href=\"https:\/\/stuebi-hamburg.de\/stadtteilschule\/2026\/01\/08\/wichtig-unterrichtsregelung-fuer-freitag-09-01-2026-aufgrund-extremer-wetterlage\/\">Weiterlesen <span class=\"meta-nav\">&rarr;<\/span><\/a><\/p>\n","protected":false},"author":26,"featured_media":0,"parent":4632,"menu_order":0,"comment_status":"closed","ping_status":"closed","template":"","meta":[],"_links":{"self":[{"href":"https:\/\/stuebi-hamburg.de\/stadtteilschule\/wp-json\/wp\/v2\/pages\/14988"}],"collection":[{"href":"https:\/\/stuebi-hamburg.de\/stadtteilschule\/wp-json\/wp\/v2\/pages"}],"about":[{"href":"https:\/\/stuebi-hamburg.de\/stadtteilschule\/wp-json\/wp\/v2\/types\/page"}],"author":[{"embeddable":true,"href":"https:\/\/stuebi-hamburg.de\/stadtteilschule\/wp-json\/wp\/v2\/users\/26"}],"replies":[{"embeddable":true,"href":"https:\/\/stuebi-hamburg.de\/stadtteilschule\/wp-json\/wp\/v2\/comments?post=14988"}],"version-history":[{"count":22,"href":"https:\/\/stuebi-hamburg.de\/stadtteilschule\/wp-json\/wp\/v2\/pages\/14988\/revisions"}],"predecessor-version":[{"id":15056,"href":"https:\/\/stuebi-hamburg.de\/stadtteilschule\/wp-json\/wp\/v2\/pages\/14988\/revisions\/15056"}],"up":[{"embeddable":true,"href":"https:\/\/stuebi-hamburg.de\/stadtteilschule\/wp-json\/wp\/v2\/pages\/4632"}],"wp:attachment":[{"href":"https:\/\/stuebi-hamburg.de\/stadtteilschule\/wp-json\/wp\/v2\/media?parent=14988"}],"curies":[{"name":"wp","href":"https:\/\/api.w.org\/{rel}","templated":true}]}}